{"id":3732,"date":"2023-03-05T17:15:25","date_gmt":"2023-03-05T16:15:25","guid":{"rendered":"https:\/\/vsb-info.kommpass-staging.ch\/developpement-durable-recyclage\/"},"modified":"2024-09-17T16:25:34","modified_gmt":"2024-09-17T14:25:34","slug":"developpement-durable-recyclage","status":"publish","type":"page","link":"https:\/\/vsb-info.ch\/fr\/developpement-durable-recyclage\/","title":{"rendered":"D\u00e9veloppement durable &amp; recyclage"},"content":{"rendered":"\t\t<div data-elementor-type=\"wp-page\" data-elementor-id=\"3732\" class=\"elementor elementor-3732 elementor-430\" data-elementor-post-type=\"page\">\n\t\t\t\t<div class=\"elementor-element elementor-element-20ef2c01 e-flex e-con-boxed e-con e-parent\" data-id=\"20ef2c01\" data-element_type=\"container\" data-e-type=\"container\" data-settings=\"{&quot;background_background&quot;:&quot;classic&quot;,&quot;shape_divider_bottom&quot;:&quot;curve&quot;}\">\n\t\t\t\t\t<div class=\"e-con-inner\">\n\t\t\t\t<div class=\"elementor-shape elementor-shape-bottom\" aria-hidden=\"true\" data-negative=\"false\">\n\t\t\t<svg xmlns=\"http:\/\/www.w3.org\/2000\/svg\" viewBox=\"0 0 1000 100\" preserveAspectRatio=\"none\">\n    <path class=\"elementor-shape-fill\" d=\"M1000,4.3V0H0v4.3C0.9,23.1,126.7,99.2,500,100S1000,22.7,1000,4.3z\"\/>\n<\/svg>\t\t<\/div>\n\t\t<div class=\"elementor-element elementor-element-3c5c6864 e-con-full e-flex e-con e-child\" data-id=\"3c5c6864\" data-element_type=\"container\" data-e-type=\"container\">\n\t\t\t\t<div class=\"elementor-element elementor-element-7a9c4b1f elementor-widget elementor-widget-heading\" data-id=\"7a9c4b1f\" data-element_type=\"widget\" data-e-type=\"widget\" data-widget_type=\"heading.default\">\n\t\t\t\t<div class=\"elementor-widget-container\">\n\t\t\t\t\t<h1 class=\"elementor-heading-title elementor-size-default\">D\u00e9veloppement durable &amp; recyclage<\/h1>\t\t\t\t<\/div>\n\t\t\t\t<\/div>\n\t\t\t\t<div class=\"elementor-element elementor-element-14dd9a1f elementor-widget elementor-widget-text-editor\" data-id=\"14dd9a1f\" data-element_type=\"widget\" data-e-type=\"widget\" data-widget_type=\"text-editor.default\">\n\t\t\t\t<div class=\"elementor-widget-container\">\n\t\t\t\t\t\t\t\t\t<p>En quoi les <strong>duvets en flocons de duvet<\/strong> et les <strong>oreillers en plumes<\/strong> sont-ils plus <strong>\u00e9cologiques<\/strong> que les articles de literie synth\u00e9tiques ? Comment doit-on <strong>se d\u00e9barrasser des articles de literie usag\u00e9s<\/strong> et que leur arrive-t-il ?<\/p>\n\t\t\t\t\t\t\t\t<\/div>\n\t\t\t\t<\/div>\n\t\t\t\t<\/div>\n\t\t\t\t\t<\/div>\n\t\t\t\t<\/div>\n\t\t<div class=\"elementor-element elementor-element-b62f054 e-flex e-con-boxed e-con e-parent\" data-id=\"b62f054\" data-element_type=\"container\" data-e-type=\"container\">\n\t\t\t\t\t<div class=\"e-con-inner\">\n\t\t<div class=\"elementor-element elementor-element-a1ed862 e-con-full e-flex e-con e-child\" data-id=\"a1ed862\" data-element_type=\"container\" data-e-type=\"container\">\n\t\t\t\t<div class=\"elementor-element elementor-element-5c56809 elementor-widget elementor-widget-image\" data-id=\"5c56809\" data-element_type=\"widget\" data-e-type=\"widget\" data-widget_type=\"image.default\">\n\t\t\t\t<div class=\"elementor-widget-container\">\n\t\t\t\t\t\t\t\t\t\t\t\t\t\t\t\t<a href=\"https:\/\/vsb-info.ch\/wp-content\/uploads\/2023\/08\/fullaterial-daune-scaled-new-scaled.jpg\" data-elementor-open-lightbox=\"yes\" data-elementor-lightbox-title=\"fullaterial-daune-scaled-new\" data-e-action-hash=\"#elementor-action%3Aaction%3Dlightbox%26settings%3DeyJpZCI6MTg3OSwidXJsIjoiaHR0cHM6XC9cL3ZzYi1pbmZvLmNoXC93cC1jb250ZW50XC91cGxvYWRzXC8yMDIzXC8wOFwvZnVsbGF0ZXJpYWwtZGF1bmUtc2NhbGVkLW5ldy1zY2FsZWQuanBnIn0%3D\">\n\t\t\t\t\t\t\t<img fetchpriority=\"high\" decoding=\"async\" width=\"580\" height=\"381\" src=\"https:\/\/vsb-info.ch\/wp-content\/uploads\/2023\/08\/fullaterial-daune-scaled-new-1024x673.jpg\" class=\"attachment-large size-large wp-image-1879\" alt=\"\" srcset=\"https:\/\/vsb-info.ch\/wp-content\/uploads\/2023\/08\/fullaterial-daune-scaled-new-1024x673.jpg 1024w, https:\/\/vsb-info.ch\/wp-content\/uploads\/2023\/08\/fullaterial-daune-scaled-new-300x197.jpg 300w, https:\/\/vsb-info.ch\/wp-content\/uploads\/2023\/08\/fullaterial-daune-scaled-new-768x505.jpg 768w, https:\/\/vsb-info.ch\/wp-content\/uploads\/2023\/08\/fullaterial-daune-scaled-new-1536x1009.jpg 1536w, https:\/\/vsb-info.ch\/wp-content\/uploads\/2023\/08\/fullaterial-daune-scaled-new-2048x1346.jpg 2048w, https:\/\/vsb-info.ch\/wp-content\/uploads\/2023\/08\/fullaterial-daune-scaled-new-1200x789.jpg 1200w, https:\/\/vsb-info.ch\/wp-content\/uploads\/2023\/08\/fullaterial-daune-scaled-new-1980x1301.jpg 1980w\" sizes=\"(max-width: 580px) 100vw, 580px\" \/>\t\t\t\t\t\t\t\t<\/a>\n\t\t\t\t\t\t\t\t\t\t\t\t\t\t\t<\/div>\n\t\t\t\t<\/div>\n\t\t\t\t<\/div>\n\t\t<div class=\"elementor-element elementor-element-00ef05f e-con-full e-flex e-con e-child\" data-id=\"00ef05f\" data-element_type=\"container\" data-e-type=\"container\">\n\t\t\t\t<div class=\"elementor-element elementor-element-a08a86f elementor-widget elementor-widget-text-editor\" data-id=\"a08a86f\" data-element_type=\"widget\" data-e-type=\"widget\" data-widget_type=\"text-editor.default\">\n\t\t\t\t<div class=\"elementor-widget-container\">\n\t\t\t\t\t\t\t\t\t<p>Les articles de <strong>literie<\/strong> sont, eux aussi, concern\u00e9s par le <strong>d\u00e9veloppement durable<\/strong>. Consommateurs et consommatrices veulent des <strong>duvets et des oreillers<\/strong> qui nuisent le moins possible \u00e0 l\u2018environnement. Mais <strong>\u00e0 quel point duvets et oreillers sont-ils \u00e9cologiques et durables<\/strong> ?<\/p>\n<p>Une <strong>\u00e9tude<\/strong> men\u00e9e par l\u2019institut ind\u00e9pendant Long Trail Sustainability comparant le <strong>cycle de vie des duvets et des garnissages synth\u00e9tiques<\/strong> (polyester) r\u00e9pond \u00e0 cette question. Le bilan est sans appel : <strong>la durabilit\u00e9 des produits en duvet est jusqu\u2019\u00e0 33 fois sup\u00e9rieure aux synth\u00e9tiques<\/strong>.<\/p>\n\t\t\t\t\t\t\t\t<\/div>\n\t\t\t\t<\/div>\n\t\t\t\t<div class=\"elementor-element elementor-element-6a61326 elementor-widget elementor-widget-heading\" data-id=\"6a61326\" data-element_type=\"widget\" data-e-type=\"widget\" data-widget_type=\"heading.default\">\n\t\t\t\t<div class=\"elementor-widget-container\">\n\t\t\t\t\t<h2 class=\"elementor-heading-title elementor-size-default\">\u00c0 quel point les duvets en flocons de duvet sont-ils \u00e9cologiques et durables ?<\/h2>\t\t\t\t<\/div>\n\t\t\t\t<\/div>\n\t\t\t\t<div class=\"elementor-element elementor-element-1241b2f elementor-widget elementor-widget-text-editor\" data-id=\"1241b2f\" data-element_type=\"widget\" data-e-type=\"widget\" data-widget_type=\"text-editor.default\">\n\t\t\t\t<div class=\"elementor-widget-container\">\n\t\t\t\t\t\t\t\t\t<p>L\u2019\u00e9tude a examin\u00e9 \u00e0 la loupe les modes de production et <strong>les mati\u00e8res premi\u00e8res<\/strong> utilis\u00e9es pour <strong>les garnissages<\/strong> et \u00e9tudi\u00e9 leur impact sur <strong>diff\u00e9rents facteurs de durabilit\u00e9<\/strong> :<\/p>\n<ul>\n<li>changement climatique<\/li>\n<li>ressources naturelles<\/li>\n<li>\u00e9cosyst\u00e8mes<\/li>\n<li>sant\u00e9 humaine<\/li>\n<li>consommation d\u2019\u00e9nergie<\/li>\n<\/ul>\n<p>R\u00e9sultat : <strong>L\u2019exposition environnementale<\/strong>, c\u2019est-\u00e0-dire <strong>l\u2019empreinte \u00e9cologique<\/strong>, imputable au duvet est entre <strong>85 et 97% inf\u00e9rieure<\/strong> \u00e0 celle des mat\u00e9riaux de garnissage de fabrication synth\u00e9tique.<\/p>\n\t\t\t\t\t\t\t\t<\/div>\n\t\t\t\t<\/div>\n\t\t\t\t<\/div>\n\t\t\t\t\t<\/div>\n\t\t\t\t<\/div>\n\t\t<div class=\"elementor-element elementor-element-3c4fcb9 e-con-full e-flex e-con e-parent\" data-id=\"3c4fcb9\" data-element_type=\"container\" data-e-type=\"container\">\n\t\t\t\t<div class=\"elementor-element elementor-element-08f85d4 elementor-widget elementor-widget-kp_themenblock\" data-id=\"08f85d4\" data-element_type=\"widget\" data-e-type=\"widget\" data-widget_type=\"kp_themenblock.default\">\n\t\t\t\t<div class=\"elementor-widget-container\">\n\t\t\t\t\t\n        <div class=\"vsb-related\">\n\n            \n                <div id=\"vsb-rel-w-0\" class=\"vsb-related-wrap vsb-even\"><div id=\"vsb-rel-color-0\" class=\"vsb-related-one-blue\"><\/div><div id=\"vsb-rel-0\" class=\"vsb-related-one\"><div class=\"vsb-related-content-wrap\"><div class=\"vsb-related-content\"><h3>Pourquoi les duvets remplis de flocons de duvet sont-ils durables ?<\/h3><div class=\"vsb-related-text\"><p>L\u2019\u00e9tude balaie tous les doutes : qui accorde de l\u2019importance \u00e0 <strong>des mat\u00e9riaux \u00e9cologiques et respectueux de l\u2019environnement<\/strong> choisit un duvet de flocons de duvet. Mais <strong>pourquoi les produits \u00e0 base de duvets sont-ils aussi durables<\/strong> ?<\/p>\n<p>La r\u00e9ponse est simple : <strong>le duvet et les plumes sont des mati\u00e8res naturelles<\/strong> qui r\u00e9sultent de la production de viande. Ces <strong>mati\u00e8res premi\u00e8res existantes<\/strong> ont donc un usage suppl\u00e9mentaire.<\/p>\n<p>C\u2019est durable, mais \u00e9galement respectueux des <strong>animaux<\/strong>. Les membres de l\u2019Association suisse des manufactures de literie se sont en effet engag\u00e9s il y a des ann\u00e9es \u00e0 ne pas <strong>utiliser de duvet et de plumes provenant de la plumaison \u00e0 vif<\/strong>. Par ailleurs, les duvets et les oreillers remplis de flocons de duvet et de plumes peuvent \u00eatre <strong>\u00e9limin\u00e9s de mani\u00e8re \u00e9cologique<\/strong>.<\/p>\n<\/div><\/div><\/div><div class=\"vsb-related-slider-wrap\"><div id=\"vsb-slider-0\" class=\"vsb-related-slider\"><div class=\"vsb-related-slide\" style=\"background-image: url('https:\/\/vsb-info.ch\/wp-content\/uploads\/2023\/08\/iStock-1157143450.jpg');\"><\/div><\/div><\/div>                        <script>\n                            jQuery( document ).ready(function() {\n                                jQuery('#vsb-slider-0').slick({\n                                    slidesToShow: 1,\n                                    slidesToScroll: 1,\n                                    dots: false,\n                                    arrows: true,\n                                    responsive: [\n                                        {\n                                        breakpoint: 991,\n                                        settings: {\n                                            dots: true,\n                                            arrows: false,\n                                            }\n                                        }\n                                    ]\n                                });\n                            });\n                        <\/script>\n                        <\/div><\/div>                <script>\n                    jQuery( document ).ready(function() {\n                        \n                        calcRelatedHeight(0);\n\n                        jQuery(window).resize(function(){\n                            calcRelatedHeight(0);\n                        })\n\n                    });\n                <\/script>\n                \n            \n        <\/div>\n\n        \t\t\t\t<\/div>\n\t\t\t\t<\/div>\n\t\t\t\t<\/div>\n\t\t<div class=\"elementor-element elementor-element-14f5eb2c e-flex e-con-boxed e-con e-parent\" data-id=\"14f5eb2c\" data-element_type=\"container\" data-e-type=\"container\">\n\t\t\t\t\t<div class=\"e-con-inner\">\n\t\t\t\t<div class=\"elementor-element elementor-element-6a396496 elementor-widget elementor-widget-heading\" data-id=\"6a396496\" data-element_type=\"widget\" data-e-type=\"widget\" data-widget_type=\"heading.default\">\n\t\t\t\t<div class=\"elementor-widget-container\">\n\t\t\t\t\t<h2 class=\"elementor-heading-title elementor-size-default\">Duvets de flocons de duvet et recyclage<\/h2>\t\t\t\t<\/div>\n\t\t\t\t<\/div>\n\t\t\t\t<div class=\"elementor-element elementor-element-749641a2 elementor-widget elementor-widget-text-editor\" data-id=\"749641a2\" data-element_type=\"widget\" data-e-type=\"widget\" data-widget_type=\"text-editor.default\">\n\t\t\t\t<div class=\"elementor-widget-container\">\n\t\t\t\t\t\t\t\t\t<p>Comme nous l\u2019avons vu plus haut, les duvets sont donc d\u00e9j\u00e0 une <strong>mati\u00e8re premi\u00e8re recycl\u00e9e<\/strong>. Mais comment <strong>\u00e9liminer<\/strong> <strong>correctement<\/strong> les duvets et les oreillers remplis de flocons de duvet et de plumes usag\u00e9s et que se passe-t-il avec ensuite ?<\/p><p>Contrairement aux produits synth\u00e9tiques ou en poils naturels, la literie en duvet et en plumes peut \u00eatre d\u00e9pos\u00e9e dans les <strong>conteneurs<\/strong> <strong>de collecte courants<\/strong> ou remise lors du ramassage urbain \u00e0 des fins de <strong>recyclage<\/strong>. Le garnissage est ensuite <strong>trait\u00e9 et r\u00e9utilis\u00e9<\/strong> de mani\u00e8re hygi\u00e9nique \u2013 pour des vestes d\u2019hiver ou des sacs de couchage, par exemple.<\/p><p>Le duvet et les plumes qui ne se pr\u00eatent plus \u00e0 la r\u00e9utilisation sont <strong>compost\u00e9s<\/strong> \u2013 produit naturel, ils sont <strong>biod\u00e9gradables<\/strong>.\u00a0Le duvet <b>recycl\u00e9 pour la literie<\/b> <b>est certes justifi\u00e9<\/b>, mais il n&rsquo;atteint pas le m\u00eame <b>niveau de qualit\u00e9<\/b>. De plus,\u00a0<span style=\"text-align: var(--text-align);\">le<\/span><span style=\"text-align: var(--text-align);\">\u00a0<\/span><span style=\"text-align: var(--text-align); font-weight: bold;\">mat\u00e9riau recycl\u00e9<\/span><span style=\"text-align: var(--text-align);\">\u00a0<\/span><span style=\"text-align: var(--text-align); font-weight: bold;\">ad\u00e9quat<\/span><span style=\"text-align: var(--text-align);\">\u00a0<\/span><span style=\"text-align: var(--text-align);\">n\u2019est pas disponible en quantit\u00e9s suffisantes.<\/span><\/p>\t\t\t\t\t\t\t\t<\/div>\n\t\t\t\t<\/div>\n\t\t\t\t\t<\/div>\n\t\t\t\t<\/div>\n\t\t\t\t<\/div>\n\t\t","protected":false},"excerpt":{"rendered":"<p>En quoi les duvets en flocons de duvet et les oreillers en plumes sont-ils plus \u00e9cologiques que les articles de literie synth\u00e9tiques ? Comment doit-on se d\u00e9barrasser des articles de literie usag\u00e9s et que leur arrive-t-il ? Les articles de literie sont, eux aussi, concern\u00e9s par le d\u00e9veloppement durable. Consommateurs et consommatrices veulent des duvets&#8230;<\/p>\n","protected":false},"author":1,"featured_media":0,"parent":0,"menu_order":0,"comment_status":"closed","ping_status":"closed","template":"","meta":{"_acf_changed":false,"footnotes":""},"class_list":["post-3732","page","type-page","status-publish","hentry"],"acf":[],"_links":{"self":[{"href":"https:\/\/vsb-info.ch\/fr\/wp-json\/wp\/v2\/pages\/3732","targetHints":{"allow":["GET"]}}],"collection":[{"href":"https:\/\/vsb-info.ch\/fr\/wp-json\/wp\/v2\/pages"}],"about":[{"href":"https:\/\/vsb-info.ch\/fr\/wp-json\/wp\/v2\/types\/page"}],"author":[{"embeddable":true,"href":"https:\/\/vsb-info.ch\/fr\/wp-json\/wp\/v2\/users\/1"}],"replies":[{"embeddable":true,"href":"https:\/\/vsb-info.ch\/fr\/wp-json\/wp\/v2\/comments?post=3732"}],"version-history":[{"count":9,"href":"https:\/\/vsb-info.ch\/fr\/wp-json\/wp\/v2\/pages\/3732\/revisions"}],"predecessor-version":[{"id":4836,"href":"https:\/\/vsb-info.ch\/fr\/wp-json\/wp\/v2\/pages\/3732\/revisions\/4836"}],"wp:attachment":[{"href":"https:\/\/vsb-info.ch\/fr\/wp-json\/wp\/v2\/media?parent=3732"}],"curies":[{"name":"wp","href":"https:\/\/api.w.org\/{rel}","templated":true}]}}