{"id":3680,"date":"2023-02-26T07:43:31","date_gmt":"2023-02-26T06:43:31","guid":{"rendered":"https:\/\/vsb-info.kommpass-staging.ch\/faq\/"},"modified":"2026-03-12T16:22:27","modified_gmt":"2026-03-12T15:22:27","slug":"faq","status":"publish","type":"page","link":"https:\/\/vsb-info.ch\/fr\/faq\/","title":{"rendered":"FAQ"},"content":{"rendered":"\t\t<div data-elementor-type=\"wp-page\" data-elementor-id=\"3680\" class=\"elementor elementor-3680 elementor-213\" data-elementor-post-type=\"page\">\n\t\t\t\t<div class=\"elementor-element elementor-element-5e1f3e6c e-flex e-con-boxed e-con e-parent\" data-id=\"5e1f3e6c\" data-element_type=\"container\" data-e-type=\"container\" data-settings=\"{&quot;background_background&quot;:&quot;classic&quot;,&quot;shape_divider_bottom&quot;:&quot;curve&quot;}\">\n\t\t\t\t\t<div class=\"e-con-inner\">\n\t\t\t\t<div class=\"elementor-shape elementor-shape-bottom\" aria-hidden=\"true\" data-negative=\"false\">\n\t\t\t<svg xmlns=\"http:\/\/www.w3.org\/2000\/svg\" viewBox=\"0 0 1000 100\" preserveAspectRatio=\"none\">\n    <path class=\"elementor-shape-fill\" d=\"M1000,4.3V0H0v4.3C0.9,23.1,126.7,99.2,500,100S1000,22.7,1000,4.3z\"\/>\n<\/svg>\t\t<\/div>\n\t\t<div class=\"elementor-element elementor-element-21d755f4 e-con-full e-flex e-con e-child\" data-id=\"21d755f4\" data-element_type=\"container\" data-e-type=\"container\">\n\t\t\t\t<div class=\"elementor-element elementor-element-52eecd20 elementor-widget elementor-widget-heading\" data-id=\"52eecd20\" data-element_type=\"widget\" data-e-type=\"widget\" data-widget_type=\"heading.default\">\n\t\t\t\t<div class=\"elementor-widget-container\">\n\t\t\t\t\t<h1 class=\"elementor-heading-title elementor-size-default\">FAQ sur les duvets en flocons de duvet &amp; les oreillers en plumes<\/h1>\t\t\t\t<\/div>\n\t\t\t\t<\/div>\n\t\t\t\t<div class=\"elementor-element elementor-element-9068a20 elementor-widget elementor-widget-text-editor\" data-id=\"9068a20\" data-element_type=\"widget\" data-e-type=\"widget\" data-widget_type=\"text-editor.default\">\n\t\t\t\t<div class=\"elementor-widget-container\">\n\t\t\t\t\t\t\t\t\t<p>Vous trouverez ici les r\u00e9ponses aux <strong>questions les plus fr\u00e9quentes<\/strong> sur les <strong>duvets en flocons de duvet<\/strong> et <strong>les oreillers en plumes<\/strong>. Votre question ne figure pas dans la liste ? <a href=\"https:\/\/vsb-info.ch\/fr\/contact\/\">N\u2019h\u00e9sitez pas \u00e0 prendre <strong>contact<\/strong> avec nous !<\/a><\/p>\n\t\t\t\t\t\t\t\t<\/div>\n\t\t\t\t<\/div>\n\t\t\t\t<\/div>\n\t\t\t\t\t<\/div>\n\t\t\t\t<\/div>\n\t\t<div class=\"elementor-element elementor-element-b227cd2 e-flex e-con-boxed e-con e-parent\" data-id=\"b227cd2\" data-element_type=\"container\" data-e-type=\"container\">\n\t\t\t\t\t<div class=\"e-con-inner\">\n\t\t\t\t<div class=\"elementor-element elementor-element-a842103 elementor-widget elementor-widget-shortcode\" data-id=\"a842103\" data-element_type=\"widget\" data-e-type=\"widget\" data-widget_type=\"shortcode.default\">\n\t\t\t\t<div class=\"elementor-widget-container\">\n\t\t\t\t\t\t\t<div class=\"elementor-shortcode\">    <input type=\"search\" id=\"faq_search_input\" placeholder=\"Rechercher...\">\n\t<\/div>\n\t\t\t\t\t\t<\/div>\n\t\t\t\t<\/div>\n\t\t\t\t\t<\/div>\n\t\t\t\t<\/div>\n\t\t<div class=\"elementor-element elementor-element-302f199 e-flex e-con-boxed e-con e-parent\" data-id=\"302f199\" data-element_type=\"container\" data-e-type=\"container\">\n\t\t\t\t\t<div class=\"e-con-inner\">\n\t\t\t\t<div class=\"elementor-element elementor-element-9febbb2 elementor-widget elementor-widget-toggle\" data-id=\"9febbb2\" data-element_type=\"widget\" data-e-type=\"widget\" id=\"vsb_faq\" data-widget_type=\"toggle.default\">\n\t\t\t\t<div class=\"elementor-widget-container\">\n\t\t\t\t\t\t\t<div class=\"elementor-toggle\">\n\t\t\t\t\t\t\t<div class=\"elementor-toggle-item\">\n\t\t\t\t\t<div id=\"elementor-tab-title-1671\" class=\"elementor-tab-title\" data-tab=\"1\" role=\"button\" aria-controls=\"elementor-tab-content-1671\" aria-expanded=\"false\">\n\t\t\t\t\t\t\t\t\t\t\t\t<span class=\"elementor-toggle-icon elementor-toggle-icon-right\" aria-hidden=\"true\">\n\t\t\t\t\t\t\t\t\t\t\t\t\t\t\t<span class=\"elementor-toggle-icon-closed\"><svg class=\"e-font-icon-svg e-fas-plus\" viewBox=\"0 0 448 512\" xmlns=\"http:\/\/www.w3.org\/2000\/svg\"><path d=\"M416 208H272V64c0-17.67-14.33-32-32-32h-32c-17.67 0-32 14.33-32 32v144H32c-17.67 0-32 14.33-32 32v32c0 17.67 14.33 32 32 32h144v144c0 17.67 14.33 32 32 32h32c17.67 0 32-14.33 32-32V304h144c17.67 0 32-14.33 32-32v-32c0-17.67-14.33-32-32-32z\"><\/path><\/svg><\/span>\n\t\t\t\t\t\t\t\t<span class=\"elementor-toggle-icon-opened\"><svg class=\"elementor-toggle-icon-opened e-font-icon-svg e-fas-minus\" viewBox=\"0 0 448 512\" xmlns=\"http:\/\/www.w3.org\/2000\/svg\"><path d=\"M416 208H32c-17.67 0-32 14.33-32 32v32c0 17.67 14.33 32 32 32h384c17.67 0 32-14.33 32-32v-32c0-17.67-14.33-32-32-32z\"><\/path><\/svg><\/span>\n\t\t\t\t\t\t\t\t\t\t\t\t\t<\/span>\n\t\t\t\t\t\t\t\t\t\t\t\t<a class=\"elementor-toggle-title\" tabindex=\"0\">En quoi les articles de literie \u00ab SWISS QUALITY DOWN \u00bb sont-ils particuliers ?<\/a>\n\t\t\t\t\t<\/div>\n\n\t\t\t\t\t<div id=\"elementor-tab-content-1671\" class=\"elementor-tab-content elementor-clearfix\" data-tab=\"1\" role=\"region\" aria-labelledby=\"elementor-tab-title-1671\"><p>Les duvets et oreillers en plumes et duvet lab\u00e9lis\u00e9s \u00ab SWISS QUALITY DOWN \u00bb se distinguent par une qualit\u00e9 d\u2019excellence. Ils portent par cons\u00e9quent le label de qualit\u00e9 distinctif \u00ab SWISS QUALITY DOWN \u00bb et sont dot\u00e9s d\u2019un num\u00e9ro d\u2019identification individuel.<\/p><p><a href=\"https:\/\/vsb-info.ch\/fr\/swiss-guaranty-vsb\/\" rel=\"noopener\">En savoir plus sur \u00ab SWISS QUALITY DOWN \u00bb<\/a><\/p><\/div>\n\t\t\t\t<\/div>\n\t\t\t\t\t\t\t<div class=\"elementor-toggle-item\">\n\t\t\t\t\t<div id=\"elementor-tab-title-1672\" class=\"elementor-tab-title\" data-tab=\"2\" role=\"button\" aria-controls=\"elementor-tab-content-1672\" aria-expanded=\"false\">\n\t\t\t\t\t\t\t\t\t\t\t\t<span class=\"elementor-toggle-icon elementor-toggle-icon-right\" aria-hidden=\"true\">\n\t\t\t\t\t\t\t\t\t\t\t\t\t\t\t<span class=\"elementor-toggle-icon-closed\"><svg class=\"e-font-icon-svg e-fas-plus\" viewBox=\"0 0 448 512\" xmlns=\"http:\/\/www.w3.org\/2000\/svg\"><path d=\"M416 208H272V64c0-17.67-14.33-32-32-32h-32c-17.67 0-32 14.33-32 32v144H32c-17.67 0-32 14.33-32 32v32c0 17.67 14.33 32 32 32h144v144c0 17.67 14.33 32 32 32h32c17.67 0 32-14.33 32-32V304h144c17.67 0 32-14.33 32-32v-32c0-17.67-14.33-32-32-32z\"><\/path><\/svg><\/span>\n\t\t\t\t\t\t\t\t<span class=\"elementor-toggle-icon-opened\"><svg class=\"elementor-toggle-icon-opened e-font-icon-svg e-fas-minus\" viewBox=\"0 0 448 512\" xmlns=\"http:\/\/www.w3.org\/2000\/svg\"><path d=\"M416 208H32c-17.67 0-32 14.33-32 32v32c0 17.67 14.33 32 32 32h384c17.67 0 32-14.33 32-32v-32c0-17.67-14.33-32-32-32z\"><\/path><\/svg><\/span>\n\t\t\t\t\t\t\t\t\t\t\t\t\t<\/span>\n\t\t\t\t\t\t\t\t\t\t\t\t<a class=\"elementor-toggle-title\" tabindex=\"0\">O\u00f9 puis-je acheter duvets et oreillers lab\u00e9lis\u00e9s \u00ab SWISS QUALITY DOWN \u00bb ?<\/a>\n\t\t\t\t\t<\/div>\n\n\t\t\t\t\t<div id=\"elementor-tab-content-1672\" class=\"elementor-tab-content elementor-clearfix\" data-tab=\"2\" role=\"region\" aria-labelledby=\"elementor-tab-title-1672\"><p>Les articles de literie lab\u00e9lis\u00e9s \u00ab SWISS QUALITY DOWN \u00bb s\u2019ach\u00e8tent dans le commerce sp\u00e9cialis\u00e9, aupr\u00e8s des gros distributeurs ou des grands magasins ou encore par correspondance.<\/p><p><a href=\"https:\/\/vsb-info.ch\/fr\/recherche-de-commercants\/\" rel=\"noopener\">Pour rechercher des commer\u00e7ants<\/a><\/p><\/div>\n\t\t\t\t<\/div>\n\t\t\t\t\t\t\t<div class=\"elementor-toggle-item\">\n\t\t\t\t\t<div id=\"elementor-tab-title-1673\" class=\"elementor-tab-title\" data-tab=\"3\" role=\"button\" aria-controls=\"elementor-tab-content-1673\" aria-expanded=\"false\">\n\t\t\t\t\t\t\t\t\t\t\t\t<span class=\"elementor-toggle-icon elementor-toggle-icon-right\" aria-hidden=\"true\">\n\t\t\t\t\t\t\t\t\t\t\t\t\t\t\t<span class=\"elementor-toggle-icon-closed\"><svg class=\"e-font-icon-svg e-fas-plus\" viewBox=\"0 0 448 512\" xmlns=\"http:\/\/www.w3.org\/2000\/svg\"><path d=\"M416 208H272V64c0-17.67-14.33-32-32-32h-32c-17.67 0-32 14.33-32 32v144H32c-17.67 0-32 14.33-32 32v32c0 17.67 14.33 32 32 32h144v144c0 17.67 14.33 32 32 32h32c17.67 0 32-14.33 32-32V304h144c17.67 0 32-14.33 32-32v-32c0-17.67-14.33-32-32-32z\"><\/path><\/svg><\/span>\n\t\t\t\t\t\t\t\t<span class=\"elementor-toggle-icon-opened\"><svg class=\"elementor-toggle-icon-opened e-font-icon-svg e-fas-minus\" viewBox=\"0 0 448 512\" xmlns=\"http:\/\/www.w3.org\/2000\/svg\"><path d=\"M416 208H32c-17.67 0-32 14.33-32 32v32c0 17.67 14.33 32 32 32h384c17.67 0 32-14.33 32-32v-32c0-17.67-14.33-32-32-32z\"><\/path><\/svg><\/span>\n\t\t\t\t\t\t\t\t\t\t\t\t\t<\/span>\n\t\t\t\t\t\t\t\t\t\t\t\t<a class=\"elementor-toggle-title\" tabindex=\"0\">Je n\u2019ai pas de duvet ni d\u2019oreiller \u00ab SWISS QUALITY DOWN \u00bb. Puis-je quand m\u00eame me fier \u00e0 la qualit\u00e9 ?<\/a>\n\t\t\t\t\t<\/div>\n\n\t\t\t\t\t<div id=\"elementor-tab-content-1673\" class=\"elementor-tab-content elementor-clearfix\" data-tab=\"3\" role=\"region\" aria-labelledby=\"elementor-tab-title-1673\"><ul><li>Seul un examen professionnel permet de le d\u00e9terminer. <a href=\"https:\/\/vsb-info.ch\/fr\/swiss-guaranty-vsb\/\" rel=\"noopener\">\u00ab SWISS QUALITY DOWN \u00bb<\/a> est le seul label de qualit\u00e9 suisse qui pr\u00e9cise de fa\u00e7on transparente les caract\u00e9ristiques de qualit\u00e9. Pensez \u00e0 v\u00e9rifier la prochaine fois que vous ach\u00e8terez de la literie neuve.<\/li><\/ul><\/div>\n\t\t\t\t<\/div>\n\t\t\t\t\t\t\t<div class=\"elementor-toggle-item\">\n\t\t\t\t\t<div id=\"elementor-tab-title-1674\" class=\"elementor-tab-title\" data-tab=\"4\" role=\"button\" aria-controls=\"elementor-tab-content-1674\" aria-expanded=\"false\">\n\t\t\t\t\t\t\t\t\t\t\t\t<span class=\"elementor-toggle-icon elementor-toggle-icon-right\" aria-hidden=\"true\">\n\t\t\t\t\t\t\t\t\t\t\t\t\t\t\t<span class=\"elementor-toggle-icon-closed\"><svg class=\"e-font-icon-svg e-fas-plus\" viewBox=\"0 0 448 512\" xmlns=\"http:\/\/www.w3.org\/2000\/svg\"><path d=\"M416 208H272V64c0-17.67-14.33-32-32-32h-32c-17.67 0-32 14.33-32 32v144H32c-17.67 0-32 14.33-32 32v32c0 17.67 14.33 32 32 32h144v144c0 17.67 14.33 32 32 32h32c17.67 0 32-14.33 32-32V304h144c17.67 0 32-14.33 32-32v-32c0-17.67-14.33-32-32-32z\"><\/path><\/svg><\/span>\n\t\t\t\t\t\t\t\t<span class=\"elementor-toggle-icon-opened\"><svg class=\"elementor-toggle-icon-opened e-font-icon-svg e-fas-minus\" viewBox=\"0 0 448 512\" xmlns=\"http:\/\/www.w3.org\/2000\/svg\"><path d=\"M416 208H32c-17.67 0-32 14.33-32 32v32c0 17.67 14.33 32 32 32h384c17.67 0 32-14.33 32-32v-32c0-17.67-14.33-32-32-32z\"><\/path><\/svg><\/span>\n\t\t\t\t\t\t\t\t\t\t\t\t\t<\/span>\n\t\t\t\t\t\t\t\t\t\t\t\t<a class=\"elementor-toggle-title\" tabindex=\"0\">Quelle est l\u2019origine des plumes et duvets ?<\/a>\n\t\t\t\t\t<\/div>\n\n\t\t\t\t\t<div id=\"elementor-tab-content-1674\" class=\"elementor-tab-content elementor-clearfix\" data-tab=\"4\" role=\"region\" aria-labelledby=\"elementor-tab-title-1674\"><p>Les plumes et duvets proviennent essentiellement de pays dans lesquels il y a des \u00e9levages d\u2019oies et de canards pour la production de viande, en particulier d\u2019Europe de l\u2019est et de France.<\/p><\/div>\n\t\t\t\t<\/div>\n\t\t\t\t\t\t\t<div class=\"elementor-toggle-item\">\n\t\t\t\t\t<div id=\"elementor-tab-title-1675\" class=\"elementor-tab-title\" data-tab=\"5\" role=\"button\" aria-controls=\"elementor-tab-content-1675\" aria-expanded=\"false\">\n\t\t\t\t\t\t\t\t\t\t\t\t<span class=\"elementor-toggle-icon elementor-toggle-icon-right\" aria-hidden=\"true\">\n\t\t\t\t\t\t\t\t\t\t\t\t\t\t\t<span class=\"elementor-toggle-icon-closed\"><svg class=\"e-font-icon-svg e-fas-plus\" viewBox=\"0 0 448 512\" xmlns=\"http:\/\/www.w3.org\/2000\/svg\"><path d=\"M416 208H272V64c0-17.67-14.33-32-32-32h-32c-17.67 0-32 14.33-32 32v144H32c-17.67 0-32 14.33-32 32v32c0 17.67 14.33 32 32 32h144v144c0 17.67 14.33 32 32 32h32c17.67 0 32-14.33 32-32V304h144c17.67 0 32-14.33 32-32v-32c0-17.67-14.33-32-32-32z\"><\/path><\/svg><\/span>\n\t\t\t\t\t\t\t\t<span class=\"elementor-toggle-icon-opened\"><svg class=\"elementor-toggle-icon-opened e-font-icon-svg e-fas-minus\" viewBox=\"0 0 448 512\" xmlns=\"http:\/\/www.w3.org\/2000\/svg\"><path d=\"M416 208H32c-17.67 0-32 14.33-32 32v32c0 17.67 14.33 32 32 32h384c17.67 0 32-14.33 32-32v-32c0-17.67-14.33-32-32-32z\"><\/path><\/svg><\/span>\n\t\t\t\t\t\t\t\t\t\t\t\t\t<\/span>\n\t\t\t\t\t\t\t\t\t\t\t\t<a class=\"elementor-toggle-title\" tabindex=\"0\">Qu\u2019en est-il de la plumaison \u00e0 vif dans les articles de literie VSB ?<\/a>\n\t\t\t\t\t<\/div>\n\n\t\t\t\t\t<div id=\"elementor-tab-content-1675\" class=\"elementor-tab-content elementor-clearfix\" data-tab=\"5\" role=\"region\" aria-labelledby=\"elementor-tab-title-1675\"><p>L\u2019Association suisse des manufactures de literie (VSB) refuse absolument toute forme de plumaison \u00e0 vif et a \u00e9t\u00e9 la premi\u00e8re association dans le monde \u00e0 s\u2019engager dans ce sens, d\u00e8s 2001, dans ses statuts comme dans les contrats liant les manufactures membres de la VSB \u00e0 leurs fournisseurs.<\/p><p><a href=\"https:\/\/vsb-info.ch\/fr\/bien-etre-animal\/\" rel=\"noopener\">En savoir plus sur le bien-\u00eatre animal et les duvets en flocons de duvet<\/a><\/p><\/div>\n\t\t\t\t<\/div>\n\t\t\t\t\t\t\t<div class=\"elementor-toggle-item\">\n\t\t\t\t\t<div id=\"elementor-tab-title-1676\" class=\"elementor-tab-title\" data-tab=\"6\" role=\"button\" aria-controls=\"elementor-tab-content-1676\" aria-expanded=\"false\">\n\t\t\t\t\t\t\t\t\t\t\t\t<span class=\"elementor-toggle-icon elementor-toggle-icon-right\" aria-hidden=\"true\">\n\t\t\t\t\t\t\t\t\t\t\t\t\t\t\t<span class=\"elementor-toggle-icon-closed\"><svg class=\"e-font-icon-svg e-fas-plus\" viewBox=\"0 0 448 512\" xmlns=\"http:\/\/www.w3.org\/2000\/svg\"><path d=\"M416 208H272V64c0-17.67-14.33-32-32-32h-32c-17.67 0-32 14.33-32 32v144H32c-17.67 0-32 14.33-32 32v32c0 17.67 14.33 32 32 32h144v144c0 17.67 14.33 32 32 32h32c17.67 0 32-14.33 32-32V304h144c17.67 0 32-14.33 32-32v-32c0-17.67-14.33-32-32-32z\"><\/path><\/svg><\/span>\n\t\t\t\t\t\t\t\t<span class=\"elementor-toggle-icon-opened\"><svg class=\"elementor-toggle-icon-opened e-font-icon-svg e-fas-minus\" viewBox=\"0 0 448 512\" xmlns=\"http:\/\/www.w3.org\/2000\/svg\"><path d=\"M416 208H32c-17.67 0-32 14.33-32 32v32c0 17.67 14.33 32 32 32h384c17.67 0 32-14.33 32-32v-32c0-17.67-14.33-32-32-32z\"><\/path><\/svg><\/span>\n\t\t\t\t\t\t\t\t\t\t\t\t\t<\/span>\n\t\t\t\t\t\t\t\t\t\t\t\t<a class=\"elementor-toggle-title\" tabindex=\"0\">Combien de temps s\u2019utilise un duvet \/ oreiller ?<\/a>\n\t\t\t\t\t<\/div>\n\n\t\t\t\t\t<div id=\"elementor-tab-content-1676\" class=\"elementor-tab-content elementor-clearfix\" data-tab=\"6\" role=\"region\" aria-labelledby=\"elementor-tab-title-1676\"><p>Nuit apr\u00e8s nuit, duvets et oreillers sont tr\u00e8s sollicit\u00e9s. Il convient donc de faire nettoyer ou, selon l\u2019\u00e9tat, de remplacer les duvets au bout de 3 \u00e0 5 ans maximum. Les oreillers doivent quant \u00e0 eux \u00eatre remplac\u00e9s de pr\u00e9f\u00e9rence au bout de 3 ans, les plumes perdant rapidement leur fermet\u00e9. Vous pouvez d\u00e9poser dans un conteneur de r\u00e9cup\u00e9ration des textiles oreillers et duvets usag\u00e9s, emball\u00e9s dans un sac plastique propre, les remettre aux services de collecte ou les rendre au fabricant. Ils seront alors tri\u00e9s puis correctement recycl\u00e9s.<\/p><\/div>\n\t\t\t\t<\/div>\n\t\t\t\t\t\t\t<div class=\"elementor-toggle-item\">\n\t\t\t\t\t<div id=\"elementor-tab-title-1677\" class=\"elementor-tab-title\" data-tab=\"7\" role=\"button\" aria-controls=\"elementor-tab-content-1677\" aria-expanded=\"false\">\n\t\t\t\t\t\t\t\t\t\t\t\t<span class=\"elementor-toggle-icon elementor-toggle-icon-right\" aria-hidden=\"true\">\n\t\t\t\t\t\t\t\t\t\t\t\t\t\t\t<span class=\"elementor-toggle-icon-closed\"><svg class=\"e-font-icon-svg e-fas-plus\" viewBox=\"0 0 448 512\" xmlns=\"http:\/\/www.w3.org\/2000\/svg\"><path d=\"M416 208H272V64c0-17.67-14.33-32-32-32h-32c-17.67 0-32 14.33-32 32v144H32c-17.67 0-32 14.33-32 32v32c0 17.67 14.33 32 32 32h144v144c0 17.67 14.33 32 32 32h32c17.67 0 32-14.33 32-32V304h144c17.67 0 32-14.33 32-32v-32c0-17.67-14.33-32-32-32z\"><\/path><\/svg><\/span>\n\t\t\t\t\t\t\t\t<span class=\"elementor-toggle-icon-opened\"><svg class=\"elementor-toggle-icon-opened e-font-icon-svg e-fas-minus\" viewBox=\"0 0 448 512\" xmlns=\"http:\/\/www.w3.org\/2000\/svg\"><path d=\"M416 208H32c-17.67 0-32 14.33-32 32v32c0 17.67 14.33 32 32 32h384c17.67 0 32-14.33 32-32v-32c0-17.67-14.33-32-32-32z\"><\/path><\/svg><\/span>\n\t\t\t\t\t\t\t\t\t\t\t\t\t<\/span>\n\t\t\t\t\t\t\t\t\t\t\t\t<a class=\"elementor-toggle-title\" tabindex=\"0\">Comment se fait-il que mon duvet et\/ou mon oreiller perde des plumes ou du duvet ?<\/a>\n\t\t\t\t\t<\/div>\n\n\t\t\t\t\t<div id=\"elementor-tab-content-1677\" class=\"elementor-tab-content elementor-clearfix\" data-tab=\"7\" role=\"region\" aria-labelledby=\"elementor-tab-title-1677\"><p>Il arrive que, par endroits, de tr\u00e8s fines parties de plumes ou de duvets s\u2019\u00e9chappent \u00e0 travers le tissu l\u00e9ger. Le volume de vos articles de literie ne s\u2019en trouve pas amoindri. S\u2019il arrive qu\u2019un duvet perde beaucoup de flocons de duvet ou un oreiller beaucoup de plumes, alors ramenez-le au point de vente.<\/p><\/div>\n\t\t\t\t<\/div>\n\t\t\t\t\t\t\t<div class=\"elementor-toggle-item\">\n\t\t\t\t\t<div id=\"elementor-tab-title-1678\" class=\"elementor-tab-title\" data-tab=\"8\" role=\"button\" aria-controls=\"elementor-tab-content-1678\" aria-expanded=\"false\">\n\t\t\t\t\t\t\t\t\t\t\t\t<span class=\"elementor-toggle-icon elementor-toggle-icon-right\" aria-hidden=\"true\">\n\t\t\t\t\t\t\t\t\t\t\t\t\t\t\t<span class=\"elementor-toggle-icon-closed\"><svg class=\"e-font-icon-svg e-fas-plus\" viewBox=\"0 0 448 512\" xmlns=\"http:\/\/www.w3.org\/2000\/svg\"><path d=\"M416 208H272V64c0-17.67-14.33-32-32-32h-32c-17.67 0-32 14.33-32 32v144H32c-17.67 0-32 14.33-32 32v32c0 17.67 14.33 32 32 32h144v144c0 17.67 14.33 32 32 32h32c17.67 0 32-14.33 32-32V304h144c17.67 0 32-14.33 32-32v-32c0-17.67-14.33-32-32-32z\"><\/path><\/svg><\/span>\n\t\t\t\t\t\t\t\t<span class=\"elementor-toggle-icon-opened\"><svg class=\"elementor-toggle-icon-opened e-font-icon-svg e-fas-minus\" viewBox=\"0 0 448 512\" xmlns=\"http:\/\/www.w3.org\/2000\/svg\"><path d=\"M416 208H32c-17.67 0-32 14.33-32 32v32c0 17.67 14.33 32 32 32h384c17.67 0 32-14.33 32-32v-32c0-17.67-14.33-32-32-32z\"><\/path><\/svg><\/span>\n\t\t\t\t\t\t\t\t\t\t\t\t\t<\/span>\n\t\t\t\t\t\t\t\t\t\t\t\t<a class=\"elementor-toggle-title\" tabindex=\"0\">Quelles sont les pr\u00e9cautions \u00e0 prendre pour le lavage ?<\/a>\n\t\t\t\t\t<\/div>\n\n\t\t\t\t\t<div id=\"elementor-tab-content-1678\" class=\"elementor-tab-content elementor-clearfix\" data-tab=\"8\" role=\"region\" aria-labelledby=\"elementor-tab-title-1678\"><p>Les oreillers et duvets lavables peuvent \u00eatre lav\u00e9s \u00e0 des temp\u00e9ratures allant jusqu\u2019\u00e0 60\u00b0C en vous r\u00e9f\u00e9rant aux \u00e9tiquettes d\u2019entretien. Il est alors important d\u2019utiliser une lessive liquide \u00e0 pH neutre pour linge d\u00e9licat. Des lessives sp\u00e9cifiques sont disponibles dans le commerce sp\u00e9cialis\u00e9. Attention : L\u2019utilisation d\u2019assouplissant est \u00e0 proscrire absolument.<\/p><p><a href=\"https:\/\/vsb-info.ch\/fr\/conseils-dentretien\/#instructions-de-lavage\" rel=\"noopener\">Acc\u00e9der aux instructions de lavage<\/a><\/p><\/div>\n\t\t\t\t<\/div>\n\t\t\t\t\t\t\t<div class=\"elementor-toggle-item\">\n\t\t\t\t\t<div id=\"elementor-tab-title-1679\" class=\"elementor-tab-title\" data-tab=\"9\" role=\"button\" aria-controls=\"elementor-tab-content-1679\" aria-expanded=\"false\">\n\t\t\t\t\t\t\t\t\t\t\t\t<span class=\"elementor-toggle-icon elementor-toggle-icon-right\" aria-hidden=\"true\">\n\t\t\t\t\t\t\t\t\t\t\t\t\t\t\t<span class=\"elementor-toggle-icon-closed\"><svg class=\"e-font-icon-svg e-fas-plus\" viewBox=\"0 0 448 512\" xmlns=\"http:\/\/www.w3.org\/2000\/svg\"><path d=\"M416 208H272V64c0-17.67-14.33-32-32-32h-32c-17.67 0-32 14.33-32 32v144H32c-17.67 0-32 14.33-32 32v32c0 17.67 14.33 32 32 32h144v144c0 17.67 14.33 32 32 32h32c17.67 0 32-14.33 32-32V304h144c17.67 0 32-14.33 32-32v-32c0-17.67-14.33-32-32-32z\"><\/path><\/svg><\/span>\n\t\t\t\t\t\t\t\t<span class=\"elementor-toggle-icon-opened\"><svg class=\"elementor-toggle-icon-opened e-font-icon-svg e-fas-minus\" viewBox=\"0 0 448 512\" xmlns=\"http:\/\/www.w3.org\/2000\/svg\"><path d=\"M416 208H32c-17.67 0-32 14.33-32 32v32c0 17.67 14.33 32 32 32h384c17.67 0 32-14.33 32-32v-32c0-17.67-14.33-32-32-32z\"><\/path><\/svg><\/span>\n\t\t\t\t\t\t\t\t\t\t\t\t\t<\/span>\n\t\t\t\t\t\t\t\t\t\t\t\t<a class=\"elementor-toggle-title\" tabindex=\"0\">Puis-je laver mon duvet s\u2019il n\u2019y a aucune indication sur l\u2019\u00e9tiquette d\u2019entretien ?<\/a>\n\t\t\t\t\t<\/div>\n\n\t\t\t\t\t<div id=\"elementor-tab-content-1679\" class=\"elementor-tab-content elementor-clearfix\" data-tab=\"9\" role=\"region\" aria-labelledby=\"elementor-tab-title-1679\"><p>Vous ne devez jamais laver vous-m\u00eame les duvets et oreillers pour lesquels il n\u2019est pas express\u00e9ment pr\u00e9cis\u00e9 qu\u2019ils peuvent \u00eatre lav\u00e9s. Les duvets non lavables devront \u00eatre nettoy\u00e9s par des professionnels au bout de 3 \u00e0 5 ans. Il n\u2019est pas rentable de faire nettoyer les oreillers, un nouvel achat revenant moins cher.<\/p><p><a href=\"https:\/\/vsb-info.ch\/fr\/conseils-dentretien\/\" rel=\"noopener\">En savoir plus sur l\u2019entretien des duvets et oreillers<\/a><\/p><\/div>\n\t\t\t\t<\/div>\n\t\t\t\t\t\t\t<div class=\"elementor-toggle-item\">\n\t\t\t\t\t<div id=\"elementor-tab-title-16710\" class=\"elementor-tab-title\" data-tab=\"10\" role=\"button\" aria-controls=\"elementor-tab-content-16710\" aria-expanded=\"false\">\n\t\t\t\t\t\t\t\t\t\t\t\t<span class=\"elementor-toggle-icon elementor-toggle-icon-right\" aria-hidden=\"true\">\n\t\t\t\t\t\t\t\t\t\t\t\t\t\t\t<span class=\"elementor-toggle-icon-closed\"><svg class=\"e-font-icon-svg e-fas-plus\" viewBox=\"0 0 448 512\" xmlns=\"http:\/\/www.w3.org\/2000\/svg\"><path d=\"M416 208H272V64c0-17.67-14.33-32-32-32h-32c-17.67 0-32 14.33-32 32v144H32c-17.67 0-32 14.33-32 32v32c0 17.67 14.33 32 32 32h144v144c0 17.67 14.33 32 32 32h32c17.67 0 32-14.33 32-32V304h144c17.67 0 32-14.33 32-32v-32c0-17.67-14.33-32-32-32z\"><\/path><\/svg><\/span>\n\t\t\t\t\t\t\t\t<span class=\"elementor-toggle-icon-opened\"><svg class=\"elementor-toggle-icon-opened e-font-icon-svg e-fas-minus\" viewBox=\"0 0 448 512\" xmlns=\"http:\/\/www.w3.org\/2000\/svg\"><path d=\"M416 208H32c-17.67 0-32 14.33-32 32v32c0 17.67 14.33 32 32 32h384c17.67 0 32-14.33 32-32v-32c0-17.67-14.33-32-32-32z\"><\/path><\/svg><\/span>\n\t\t\t\t\t\t\t\t\t\t\t\t\t<\/span>\n\t\t\t\t\t\t\t\t\t\t\t\t<a class=\"elementor-toggle-title\" tabindex=\"0\">O\u00f9 puis-je faire nettoyer mon duvet en flocons de duvet ou mon oreiller en plumes ?<\/a>\n\t\t\t\t\t<\/div>\n\n\t\t\t\t\t<div id=\"elementor-tab-content-16710\" class=\"elementor-tab-content elementor-clearfix\" data-tab=\"10\" role=\"region\" aria-labelledby=\"elementor-tab-title-16710\"><p>Les duvets ayant le label de qualit\u00e9 peuvent \u00eatre remis pour nettoyage dans le commerce sp\u00e9cialis\u00e9.<\/p><p><a href=\"https:\/\/vsb-info.ch\/fr\/recherche-de-commercants\/\" rel=\"noopener\">Rechercher des commer\u00e7ants proches de chez vous<\/a><\/p><\/div>\n\t\t\t\t<\/div>\n\t\t\t\t\t\t\t<div class=\"elementor-toggle-item\">\n\t\t\t\t\t<div id=\"elementor-tab-title-16711\" class=\"elementor-tab-title\" data-tab=\"11\" role=\"button\" aria-controls=\"elementor-tab-content-16711\" aria-expanded=\"false\">\n\t\t\t\t\t\t\t\t\t\t\t\t<span class=\"elementor-toggle-icon elementor-toggle-icon-right\" aria-hidden=\"true\">\n\t\t\t\t\t\t\t\t\t\t\t\t\t\t\t<span class=\"elementor-toggle-icon-closed\"><svg class=\"e-font-icon-svg e-fas-plus\" viewBox=\"0 0 448 512\" xmlns=\"http:\/\/www.w3.org\/2000\/svg\"><path d=\"M416 208H272V64c0-17.67-14.33-32-32-32h-32c-17.67 0-32 14.33-32 32v144H32c-17.67 0-32 14.33-32 32v32c0 17.67 14.33 32 32 32h144v144c0 17.67 14.33 32 32 32h32c17.67 0 32-14.33 32-32V304h144c17.67 0 32-14.33 32-32v-32c0-17.67-14.33-32-32-32z\"><\/path><\/svg><\/span>\n\t\t\t\t\t\t\t\t<span class=\"elementor-toggle-icon-opened\"><svg class=\"elementor-toggle-icon-opened e-font-icon-svg e-fas-minus\" viewBox=\"0 0 448 512\" xmlns=\"http:\/\/www.w3.org\/2000\/svg\"><path d=\"M416 208H32c-17.67 0-32 14.33-32 32v32c0 17.67 14.33 32 32 32h384c17.67 0 32-14.33 32-32v-32c0-17.67-14.33-32-32-32z\"><\/path><\/svg><\/span>\n\t\t\t\t\t\t\t\t\t\t\t\t\t<\/span>\n\t\t\t\t\t\t\t\t\t\t\t\t<a class=\"elementor-toggle-title\" tabindex=\"0\">\u00c0 combien revient le nettoyage d\u2019un duvet ?<\/a>\n\t\t\t\t\t<\/div>\n\n\t\t\t\t\t<div id=\"elementor-tab-content-16711\" class=\"elementor-tab-content elementor-clearfix\" data-tab=\"11\" role=\"region\" aria-labelledby=\"elementor-tab-title-16711\"><p>Les co\u00fbts varient en fonction de la qualit\u00e9 des plumes et duvets ainsi que de la quantit\u00e9 de garnissage \u00e0 ajouter. Apportez votre duvet \u00e0 un commer\u00e7ant sp\u00e9cialis\u00e9, il sera ravi de vous soumettre un devis. Pour le nettoyage complet d\u2019un duvet, il faut :<\/p><ul><li>vider le duvet<\/li><li>nettoyer, s\u00e9cher et d\u00e9sinfecter le contenu dans des installations professionnelles<\/li><li>remplacer \u00e0 neuf duvets \/ plumes ab\u00eem\u00e9s et remettre le tout dans une nouvelle enveloppe.<\/li><\/ul><\/div>\n\t\t\t\t<\/div>\n\t\t\t\t\t\t\t<div class=\"elementor-toggle-item\">\n\t\t\t\t\t<div id=\"elementor-tab-title-16712\" class=\"elementor-tab-title\" data-tab=\"12\" role=\"button\" aria-controls=\"elementor-tab-content-16712\" aria-expanded=\"false\">\n\t\t\t\t\t\t\t\t\t\t\t\t<span class=\"elementor-toggle-icon elementor-toggle-icon-right\" aria-hidden=\"true\">\n\t\t\t\t\t\t\t\t\t\t\t\t\t\t\t<span class=\"elementor-toggle-icon-closed\"><svg class=\"e-font-icon-svg e-fas-plus\" viewBox=\"0 0 448 512\" xmlns=\"http:\/\/www.w3.org\/2000\/svg\"><path d=\"M416 208H272V64c0-17.67-14.33-32-32-32h-32c-17.67 0-32 14.33-32 32v144H32c-17.67 0-32 14.33-32 32v32c0 17.67 14.33 32 32 32h144v144c0 17.67 14.33 32 32 32h32c17.67 0 32-14.33 32-32V304h144c17.67 0 32-14.33 32-32v-32c0-17.67-14.33-32-32-32z\"><\/path><\/svg><\/span>\n\t\t\t\t\t\t\t\t<span class=\"elementor-toggle-icon-opened\"><svg class=\"elementor-toggle-icon-opened e-font-icon-svg e-fas-minus\" viewBox=\"0 0 448 512\" xmlns=\"http:\/\/www.w3.org\/2000\/svg\"><path d=\"M416 208H32c-17.67 0-32 14.33-32 32v32c0 17.67 14.33 32 32 32h384c17.67 0 32-14.33 32-32v-32c0-17.67-14.33-32-32-32z\"><\/path><\/svg><\/span>\n\t\t\t\t\t\t\t\t\t\t\t\t\t<\/span>\n\t\t\t\t\t\t\t\t\t\t\t\t<a class=\"elementor-toggle-title\" tabindex=\"0\">Quelles sont les tailles standard des oreillers et des duvets ?<\/a>\n\t\t\t\t\t<\/div>\n\n\t\t\t\t\t<div id=\"elementor-tab-content-16712\" class=\"elementor-tab-content elementor-clearfix\" data-tab=\"12\" role=\"region\" aria-labelledby=\"elementor-tab-title-16712\"><p>Duvets<\/p><ul><li>160 x 210 cm taille normale<\/li><li>160 x 240 cm maxiduvet pour couchage solo<\/li><li>200 x 210 cm lit \u00e0 la fran\u00e7aise<\/li><li>200 x 240 cm lit \u00e0 la fran\u00e7aise, maxiduvet<\/li><li>240 x 210 cm duvet extra-large pour lit double et lit \u00e0 la fran\u00e7aise<\/li><li>240 x 240 cm maxiduvet pour lit double<\/li><li>55 x 65 cm et 65 x 75 cm pour landau<\/li><li>80 x 100 cm et 90 x 120 cm pour lit d\u2019enfant<\/li><\/ul><p>Oreillers<\/p><ul><li>Suisse al\u00e9manique : 50 x 70 cm, 65 x 100 cm et 65 x 65 cm<\/li><li>Suisse romande : 50 x 70 cm, 60 x 90 cm et 60 x 60 cm<\/li><li>Tessin : 50 x 70 cm et 50 x 90 cm<\/li><li>Enfants : 30 x 40 cm, 40 x 50 cm et 40 x 60 cm<\/li><\/ul><\/div>\n\t\t\t\t<\/div>\n\t\t\t\t\t\t\t<div class=\"elementor-toggle-item\">\n\t\t\t\t\t<div id=\"elementor-tab-title-16713\" class=\"elementor-tab-title\" data-tab=\"13\" role=\"button\" aria-controls=\"elementor-tab-content-16713\" aria-expanded=\"false\">\n\t\t\t\t\t\t\t\t\t\t\t\t<span class=\"elementor-toggle-icon elementor-toggle-icon-right\" aria-hidden=\"true\">\n\t\t\t\t\t\t\t\t\t\t\t\t\t\t\t<span class=\"elementor-toggle-icon-closed\"><svg class=\"e-font-icon-svg e-fas-plus\" viewBox=\"0 0 448 512\" xmlns=\"http:\/\/www.w3.org\/2000\/svg\"><path d=\"M416 208H272V64c0-17.67-14.33-32-32-32h-32c-17.67 0-32 14.33-32 32v144H32c-17.67 0-32 14.33-32 32v32c0 17.67 14.33 32 32 32h144v144c0 17.67 14.33 32 32 32h32c17.67 0 32-14.33 32-32V304h144c17.67 0 32-14.33 32-32v-32c0-17.67-14.33-32-32-32z\"><\/path><\/svg><\/span>\n\t\t\t\t\t\t\t\t<span class=\"elementor-toggle-icon-opened\"><svg class=\"elementor-toggle-icon-opened e-font-icon-svg e-fas-minus\" viewBox=\"0 0 448 512\" xmlns=\"http:\/\/www.w3.org\/2000\/svg\"><path d=\"M416 208H32c-17.67 0-32 14.33-32 32v32c0 17.67 14.33 32 32 32h384c17.67 0 32-14.33 32-32v-32c0-17.67-14.33-32-32-32z\"><\/path><\/svg><\/span>\n\t\t\t\t\t\t\t\t\t\t\t\t\t<\/span>\n\t\t\t\t\t\t\t\t\t\t\t\t<a class=\"elementor-toggle-title\" tabindex=\"0\">O\u00f9 puis-je faire faire sur mesure ou bien acheter des duvets en grandes tailles ?<\/a>\n\t\t\t\t\t<\/div>\n\n\t\t\t\t\t<div id=\"elementor-tab-content-16713\" class=\"elementor-tab-content elementor-clearfix\" data-tab=\"13\" role=\"region\" aria-labelledby=\"elementor-tab-title-16713\"><p>Vous pouvez vous procurer dans le commerce sp\u00e9cialis\u00e9 des duvets en grandes tailles et\/ou sur mesure. Vos demandes de tailles particuli\u00e8res y seront transmises \u00e0 une manufacture d\u2019articles de literie.<\/p><p><a href=\"https:\/\/vsb-info.ch\/fr\/recherche-de-commercants\/\" rel=\"noopener\">Rechercher des commer\u00e7ants proches de chez vous<\/a><\/p><\/div>\n\t\t\t\t<\/div>\n\t\t\t\t\t\t\t<div class=\"elementor-toggle-item\">\n\t\t\t\t\t<div id=\"elementor-tab-title-16714\" class=\"elementor-tab-title\" data-tab=\"14\" role=\"button\" aria-controls=\"elementor-tab-content-16714\" aria-expanded=\"false\">\n\t\t\t\t\t\t\t\t\t\t\t\t<span class=\"elementor-toggle-icon elementor-toggle-icon-right\" aria-hidden=\"true\">\n\t\t\t\t\t\t\t\t\t\t\t\t\t\t\t<span class=\"elementor-toggle-icon-closed\"><svg class=\"e-font-icon-svg e-fas-plus\" viewBox=\"0 0 448 512\" xmlns=\"http:\/\/www.w3.org\/2000\/svg\"><path d=\"M416 208H272V64c0-17.67-14.33-32-32-32h-32c-17.67 0-32 14.33-32 32v144H32c-17.67 0-32 14.33-32 32v32c0 17.67 14.33 32 32 32h144v144c0 17.67 14.33 32 32 32h32c17.67 0 32-14.33 32-32V304h144c17.67 0 32-14.33 32-32v-32c0-17.67-14.33-32-32-32z\"><\/path><\/svg><\/span>\n\t\t\t\t\t\t\t\t<span class=\"elementor-toggle-icon-opened\"><svg class=\"elementor-toggle-icon-opened e-font-icon-svg e-fas-minus\" viewBox=\"0 0 448 512\" xmlns=\"http:\/\/www.w3.org\/2000\/svg\"><path d=\"M416 208H32c-17.67 0-32 14.33-32 32v32c0 17.67 14.33 32 32 32h384c17.67 0 32-14.33 32-32v-32c0-17.67-14.33-32-32-32z\"><\/path><\/svg><\/span>\n\t\t\t\t\t\t\t\t\t\t\t\t\t<\/span>\n\t\t\t\t\t\t\t\t\t\t\t\t<a class=\"elementor-toggle-title\" tabindex=\"0\">Qu\u2019est-ce qu\u2019un double duvet ?<\/a>\n\t\t\t\t\t<\/div>\n\n\t\t\t\t\t<div id=\"elementor-tab-content-16714\" class=\"elementor-tab-content elementor-clearfix\" data-tab=\"14\" role=\"region\" aria-labelledby=\"elementor-tab-title-16714\"><p>Les doubles duvets sont constitu\u00e9s de deux duvets simples qui peuvent \u00eatre assembl\u00e9s quand il fait froid. Les parties qui composent ces duvets toutes saisons ont un garnissage diff\u00e9rent, id\u00e9alement 1\/3 et 2\/3. Le plus l\u00e9ger s\u2019utilise en \u00e9t\u00e9, le plus garnis au printemps et \u00e0 l\u2019automne. L\u2019hiver les deux parties peuvent \u00eatre assembl\u00e9es et vous disposez ainsi, en toute saison, du duvet adapt\u00e9.<\/p><\/div>\n\t\t\t\t<\/div>\n\t\t\t\t\t\t\t<div class=\"elementor-toggle-item\">\n\t\t\t\t\t<div id=\"elementor-tab-title-16715\" class=\"elementor-tab-title\" data-tab=\"15\" role=\"button\" aria-controls=\"elementor-tab-content-16715\" aria-expanded=\"false\">\n\t\t\t\t\t\t\t\t\t\t\t\t<span class=\"elementor-toggle-icon elementor-toggle-icon-right\" aria-hidden=\"true\">\n\t\t\t\t\t\t\t\t\t\t\t\t\t\t\t<span class=\"elementor-toggle-icon-closed\"><svg class=\"e-font-icon-svg e-fas-plus\" viewBox=\"0 0 448 512\" xmlns=\"http:\/\/www.w3.org\/2000\/svg\"><path d=\"M416 208H272V64c0-17.67-14.33-32-32-32h-32c-17.67 0-32 14.33-32 32v144H32c-17.67 0-32 14.33-32 32v32c0 17.67 14.33 32 32 32h144v144c0 17.67 14.33 32 32 32h32c17.67 0 32-14.33 32-32V304h144c17.67 0 32-14.33 32-32v-32c0-17.67-14.33-32-32-32z\"><\/path><\/svg><\/span>\n\t\t\t\t\t\t\t\t<span class=\"elementor-toggle-icon-opened\"><svg class=\"elementor-toggle-icon-opened e-font-icon-svg e-fas-minus\" viewBox=\"0 0 448 512\" xmlns=\"http:\/\/www.w3.org\/2000\/svg\"><path d=\"M416 208H32c-17.67 0-32 14.33-32 32v32c0 17.67 14.33 32 32 32h384c17.67 0 32-14.33 32-32v-32c0-17.67-14.33-32-32-32z\"><\/path><\/svg><\/span>\n\t\t\t\t\t\t\t\t\t\t\t\t\t<\/span>\n\t\t\t\t\t\t\t\t\t\t\t\t<a class=\"elementor-toggle-title\" tabindex=\"0\">Les fameux \"space bags\" sont-ils adapt\u00e9s au stockage des duvets et des oreillers en plumes ?<\/a>\n\t\t\t\t\t<\/div>\n\n\t\t\t\t\t<div id=\"elementor-tab-content-16715\" class=\"elementor-tab-content elementor-clearfix\" data-tab=\"15\" role=\"region\" aria-labelledby=\"elementor-tab-title-16715\"><p>Nous vous recommandons d\u2019entreposer vos duvets et oreillers dans des housses perm\u00e9ables \u00e0 l\u2019air. Stock\u00e9s sous vide pendant longtemps, les produits en plumes et duvets perdent forc\u00e9ment une partie de leur gonflant. Toutefois, avant de les stocker sous vide, il importe que les articles de literie soient parfaitement secs sous peine de voir appara\u00eetre de la moisissure qui s\u2019accompagne d\u2019une mauvaise odeur.<\/p><\/div>\n\t\t\t\t<\/div>\n\t\t\t\t\t\t\t\t\t\t<script type=\"application\/ld+json\">{\"@context\":\"https:\\\/\\\/schema.org\",\"@type\":\"FAQPage\",\"mainEntity\":[{\"@type\":\"Question\",\"name\":\"En quoi les articles de literie \\u00ab SWISS QUALITY DOWN \\u00bb sont-ils particuliers ?\",\"acceptedAnswer\":{\"@type\":\"Answer\",\"text\":\"<p>Les duvets et oreillers en plumes et duvet lab\\u00e9lis\\u00e9s \\u00ab SWISS QUALITY DOWN \\u00bb se distinguent par une qualit\\u00e9 d\\u2019excellence. Ils portent par cons\\u00e9quent le label de qualit\\u00e9 distinctif \\u00ab SWISS QUALITY DOWN \\u00bb et sont dot\\u00e9s d\\u2019un num\\u00e9ro d\\u2019identification individuel.<\\\/p><p><a href=\\\"https:\\\/\\\/vsb-info.ch\\\/fr\\\/swiss-guaranty-vsb\\\/\\\" rel=\\\"noopener\\\">En savoir plus sur \\u00ab SWISS QUALITY DOWN \\u00bb<\\\/a><\\\/p>\"}},{\"@type\":\"Question\",\"name\":\"O\\u00f9 puis-je acheter duvets et oreillers lab\\u00e9lis\\u00e9s \\u00ab SWISS QUALITY DOWN \\u00bb ?\",\"acceptedAnswer\":{\"@type\":\"Answer\",\"text\":\"<p>Les articles de literie lab\\u00e9lis\\u00e9s \\u00ab SWISS QUALITY DOWN \\u00bb s\\u2019ach\\u00e8tent dans le commerce sp\\u00e9cialis\\u00e9, aupr\\u00e8s des gros distributeurs ou des grands magasins ou encore par correspondance.<\\\/p><p><a href=\\\"https:\\\/\\\/vsb-info.ch\\\/fr\\\/recherche-de-commercants\\\/\\\" rel=\\\"noopener\\\">Pour rechercher des commer\\u00e7ants<\\\/a><\\\/p>\"}},{\"@type\":\"Question\",\"name\":\"Je n\\u2019ai pas de duvet ni d\\u2019oreiller \\u00ab SWISS QUALITY DOWN \\u00bb. Puis-je quand m\\u00eame me fier \\u00e0 la qualit\\u00e9 ?\",\"acceptedAnswer\":{\"@type\":\"Answer\",\"text\":\"<ul><li>Seul un examen professionnel permet de le d\\u00e9terminer. <a href=\\\"https:\\\/\\\/vsb-info.ch\\\/fr\\\/swiss-guaranty-vsb\\\/\\\" rel=\\\"noopener\\\">\\u00ab SWISS QUALITY DOWN \\u00bb<\\\/a> est le seul label de qualit\\u00e9 suisse qui pr\\u00e9cise de fa\\u00e7on transparente les caract\\u00e9ristiques de qualit\\u00e9. Pensez \\u00e0 v\\u00e9rifier la prochaine fois que vous ach\\u00e8terez de la literie neuve.<\\\/li><\\\/ul>\"}},{\"@type\":\"Question\",\"name\":\"Quelle est l\\u2019origine des plumes et duvets ?\",\"acceptedAnswer\":{\"@type\":\"Answer\",\"text\":\"<p>Les plumes et duvets proviennent essentiellement de pays dans lesquels il y a des \\u00e9levages d\\u2019oies et de canards pour la production de viande, en particulier d\\u2019Europe de l\\u2019est et de France.<\\\/p>\"}},{\"@type\":\"Question\",\"name\":\"Qu\\u2019en est-il de la plumaison \\u00e0 vif dans les articles de literie VSB ?\",\"acceptedAnswer\":{\"@type\":\"Answer\",\"text\":\"<p>L\\u2019Association suisse des manufactures de literie (VSB) refuse absolument toute forme de plumaison \\u00e0 vif et a \\u00e9t\\u00e9 la premi\\u00e8re association dans le monde \\u00e0 s\\u2019engager dans ce sens, d\\u00e8s 2001, dans ses statuts comme dans les contrats liant les manufactures membres de la VSB \\u00e0 leurs fournisseurs.<\\\/p><p><a href=\\\"https:\\\/\\\/vsb-info.ch\\\/fr\\\/bien-etre-animal\\\/\\\" rel=\\\"noopener\\\">En savoir plus sur le bien-\\u00eatre animal et les duvets en flocons de duvet<\\\/a><\\\/p>\"}},{\"@type\":\"Question\",\"name\":\"Combien de temps s\\u2019utilise un duvet \\\/ oreiller ?\",\"acceptedAnswer\":{\"@type\":\"Answer\",\"text\":\"<p>Nuit apr\\u00e8s nuit, duvets et oreillers sont tr\\u00e8s sollicit\\u00e9s. Il convient donc de faire nettoyer ou, selon l\\u2019\\u00e9tat, de remplacer les duvets au bout de 3 \\u00e0 5 ans maximum. Les oreillers doivent quant \\u00e0 eux \\u00eatre remplac\\u00e9s de pr\\u00e9f\\u00e9rence au bout de 3 ans, les plumes perdant rapidement leur fermet\\u00e9. Vous pouvez d\\u00e9poser dans un conteneur de r\\u00e9cup\\u00e9ration des textiles oreillers et duvets usag\\u00e9s, emball\\u00e9s dans un sac plastique propre, les remettre aux services de collecte ou les rendre au fabricant. Ils seront alors tri\\u00e9s puis correctement recycl\\u00e9s.<\\\/p>\"}},{\"@type\":\"Question\",\"name\":\"Comment se fait-il que mon duvet et\\\/ou mon oreiller perde des plumes ou du duvet ?\",\"acceptedAnswer\":{\"@type\":\"Answer\",\"text\":\"<p>Il arrive que, par endroits, de tr\\u00e8s fines parties de plumes ou de duvets s\\u2019\\u00e9chappent \\u00e0 travers le tissu l\\u00e9ger. Le volume de vos articles de literie ne s\\u2019en trouve pas amoindri. S\\u2019il arrive qu\\u2019un duvet perde beaucoup de flocons de duvet ou un oreiller beaucoup de plumes, alors ramenez-le au point de vente.<\\\/p>\"}},{\"@type\":\"Question\",\"name\":\"Quelles sont les pr\\u00e9cautions \\u00e0 prendre pour le lavage ?\",\"acceptedAnswer\":{\"@type\":\"Answer\",\"text\":\"<p>Les oreillers et duvets lavables peuvent \\u00eatre lav\\u00e9s \\u00e0 des temp\\u00e9ratures allant jusqu\\u2019\\u00e0 60\\u00b0C en vous r\\u00e9f\\u00e9rant aux \\u00e9tiquettes d\\u2019entretien. Il est alors important d\\u2019utiliser une lessive liquide \\u00e0 pH neutre pour linge d\\u00e9licat. Des lessives sp\\u00e9cifiques sont disponibles dans le commerce sp\\u00e9cialis\\u00e9. Attention : L\\u2019utilisation d\\u2019assouplissant est \\u00e0 proscrire absolument.<\\\/p><p><a href=\\\"https:\\\/\\\/vsb-info.ch\\\/fr\\\/conseils-dentretien\\\/#instructions-de-lavage\\\" rel=\\\"noopener\\\">Acc\\u00e9der aux instructions de lavage<\\\/a><\\\/p>\"}},{\"@type\":\"Question\",\"name\":\"Puis-je laver mon duvet s\\u2019il n\\u2019y a aucune indication sur l\\u2019\\u00e9tiquette d\\u2019entretien ?\",\"acceptedAnswer\":{\"@type\":\"Answer\",\"text\":\"<p>Vous ne devez jamais laver vous-m\\u00eame les duvets et oreillers pour lesquels il n\\u2019est pas express\\u00e9ment pr\\u00e9cis\\u00e9 qu\\u2019ils peuvent \\u00eatre lav\\u00e9s. Les duvets non lavables devront \\u00eatre nettoy\\u00e9s par des professionnels au bout de 3 \\u00e0 5 ans. Il n\\u2019est pas rentable de faire nettoyer les oreillers, un nouvel achat revenant moins cher.<\\\/p><p><a href=\\\"https:\\\/\\\/vsb-info.ch\\\/fr\\\/conseils-dentretien\\\/\\\" rel=\\\"noopener\\\">En savoir plus sur l\\u2019entretien des duvets et oreillers<\\\/a><\\\/p>\"}},{\"@type\":\"Question\",\"name\":\"O\\u00f9 puis-je faire nettoyer mon duvet en flocons de duvet ou mon oreiller en plumes ?\",\"acceptedAnswer\":{\"@type\":\"Answer\",\"text\":\"<p>Les duvets ayant le label de qualit\\u00e9 peuvent \\u00eatre remis pour nettoyage dans le commerce sp\\u00e9cialis\\u00e9.<\\\/p><p><a href=\\\"https:\\\/\\\/vsb-info.ch\\\/fr\\\/recherche-de-commercants\\\/\\\" rel=\\\"noopener\\\">Rechercher des commer\\u00e7ants proches de chez vous<\\\/a><\\\/p>\"}},{\"@type\":\"Question\",\"name\":\"\\u00c0 combien revient le nettoyage d\\u2019un duvet ?\",\"acceptedAnswer\":{\"@type\":\"Answer\",\"text\":\"<p>Les co\\u00fbts varient en fonction de la qualit\\u00e9 des plumes et duvets ainsi que de la quantit\\u00e9 de garnissage \\u00e0 ajouter. Apportez votre duvet \\u00e0 un commer\\u00e7ant sp\\u00e9cialis\\u00e9, il sera ravi de vous soumettre un devis. Pour le nettoyage complet d\\u2019un duvet, il faut :<\\\/p><ul><li>vider le duvet<\\\/li><li>nettoyer, s\\u00e9cher et d\\u00e9sinfecter le contenu dans des installations professionnelles<\\\/li><li>remplacer \\u00e0 neuf duvets \\\/ plumes ab\\u00eem\\u00e9s et remettre le tout dans une nouvelle enveloppe.<\\\/li><\\\/ul>\"}},{\"@type\":\"Question\",\"name\":\"Quelles sont les tailles standard des oreillers et des duvets ?\",\"acceptedAnswer\":{\"@type\":\"Answer\",\"text\":\"<p>Duvets<\\\/p><ul><li>160 x 210 cm taille normale<\\\/li><li>160 x 240 cm maxiduvet pour couchage solo<\\\/li><li>200 x 210 cm lit \\u00e0 la fran\\u00e7aise<\\\/li><li>200 x 240 cm lit \\u00e0 la fran\\u00e7aise, maxiduvet<\\\/li><li>240 x 210 cm duvet extra-large pour lit double et lit \\u00e0 la fran\\u00e7aise<\\\/li><li>240 x 240 cm maxiduvet pour lit double<\\\/li><li>55 x 65 cm et 65 x 75 cm pour landau<\\\/li><li>80 x 100 cm et 90 x 120 cm pour lit d\\u2019enfant<\\\/li><\\\/ul><p>Oreillers<\\\/p><ul><li>Suisse al\\u00e9manique : 50 x 70 cm, 65 x 100 cm et 65 x 65 cm<\\\/li><li>Suisse romande : 50 x 70 cm, 60 x 90 cm et 60 x 60 cm<\\\/li><li>Tessin : 50 x 70 cm et 50 x 90 cm<\\\/li><li>Enfants : 30 x 40 cm, 40 x 50 cm et 40 x 60 cm<\\\/li><\\\/ul>\"}},{\"@type\":\"Question\",\"name\":\"O\\u00f9 puis-je faire faire sur mesure ou bien acheter des duvets en grandes tailles ?\",\"acceptedAnswer\":{\"@type\":\"Answer\",\"text\":\"<p>Vous pouvez vous procurer dans le commerce sp\\u00e9cialis\\u00e9 des duvets en grandes tailles et\\\/ou sur mesure. Vos demandes de tailles particuli\\u00e8res y seront transmises \\u00e0 une manufacture d\\u2019articles de literie.<\\\/p><p><a href=\\\"https:\\\/\\\/vsb-info.ch\\\/fr\\\/recherche-de-commercants\\\/\\\" rel=\\\"noopener\\\">Rechercher des commer\\u00e7ants proches de chez vous<\\\/a><\\\/p>\"}},{\"@type\":\"Question\",\"name\":\"Qu\\u2019est-ce qu\\u2019un double duvet ?\",\"acceptedAnswer\":{\"@type\":\"Answer\",\"text\":\"<p>Les doubles duvets sont constitu\\u00e9s de deux duvets simples qui peuvent \\u00eatre assembl\\u00e9s quand il fait froid. Les parties qui composent ces duvets toutes saisons ont un garnissage diff\\u00e9rent, id\\u00e9alement 1\\\/3 et 2\\\/3. Le plus l\\u00e9ger s\\u2019utilise en \\u00e9t\\u00e9, le plus garnis au printemps et \\u00e0 l\\u2019automne. L\\u2019hiver les deux parties peuvent \\u00eatre assembl\\u00e9es et vous disposez ainsi, en toute saison, du duvet adapt\\u00e9.<\\\/p>\"}},{\"@type\":\"Question\",\"name\":\"Les fameux \\\"space bags\\\" sont-ils adapt\\u00e9s au stockage des duvets et des oreillers en plumes ?\",\"acceptedAnswer\":{\"@type\":\"Answer\",\"text\":\"<p>Nous vous recommandons d\\u2019entreposer vos duvets et oreillers dans des housses perm\\u00e9ables \\u00e0 l\\u2019air. Stock\\u00e9s sous vide pendant longtemps, les produits en plumes et duvets perdent forc\\u00e9ment une partie de leur gonflant. Toutefois, avant de les stocker sous vide, il importe que les articles de literie soient parfaitement secs sous peine de voir appara\\u00eetre de la moisissure qui s\\u2019accompagne d\\u2019une mauvaise odeur.<\\\/p>\"}}]}<\/script>\n\t\t\t\t\t<\/div>\n\t\t\t\t\t\t<\/div>\n\t\t\t\t<\/div>\n\t\t\t\t\t<\/div>\n\t\t\t\t<\/div>\n\t\t\t\t<\/div>\n\t\t","protected":false},"excerpt":{"rendered":"<p>FAQ sur les duvets en flocons de duvet &amp; les oreillers en plumes Vous trouverez ici les r\u00e9ponses aux questions les plus fr\u00e9quentes sur les duvets en flocons de duvet et les oreillers en plumes. Votre question ne figure pas dans la liste ? N\u2019h\u00e9sitez pas \u00e0 prendre contact avec nous ! En quoi les&#8230;<\/p>\n","protected":false},"author":1,"featured_media":0,"parent":0,"menu_order":0,"comment_status":"closed","ping_status":"closed","template":"","meta":{"_acf_changed":false,"footnotes":""},"class_list":["post-3680","page","type-page","status-publish","hentry"],"acf":[],"_links":{"self":[{"href":"https:\/\/vsb-info.ch\/fr\/wp-json\/wp\/v2\/pages\/3680","targetHints":{"allow":["GET"]}}],"collection":[{"href":"https:\/\/vsb-info.ch\/fr\/wp-json\/wp\/v2\/pages"}],"about":[{"href":"https:\/\/vsb-info.ch\/fr\/wp-json\/wp\/v2\/types\/page"}],"author":[{"embeddable":true,"href":"https:\/\/vsb-info.ch\/fr\/wp-json\/wp\/v2\/users\/1"}],"replies":[{"embeddable":true,"href":"https:\/\/vsb-info.ch\/fr\/wp-json\/wp\/v2\/comments?post=3680"}],"version-history":[{"count":26,"href":"https:\/\/vsb-info.ch\/fr\/wp-json\/wp\/v2\/pages\/3680\/revisions"}],"predecessor-version":[{"id":5601,"href":"https:\/\/vsb-info.ch\/fr\/wp-json\/wp\/v2\/pages\/3680\/revisions\/5601"}],"wp:attachment":[{"href":"https:\/\/vsb-info.ch\/fr\/wp-json\/wp\/v2\/media?parent=3680"}],"curies":[{"name":"wp","href":"https:\/\/api.w.org\/{rel}","templated":true}]}}