{"id":3678,"date":"2023-02-21T19:35:46","date_gmt":"2023-02-21T18:35:46","guid":{"rendered":"https:\/\/vsb-info.kommpass-staging.ch\/conseils-dentretien\/"},"modified":"2026-03-12T16:41:12","modified_gmt":"2026-03-12T15:41:12","slug":"conseils-dentretien","status":"publish","type":"page","link":"https:\/\/vsb-info.ch\/fr\/conseils-dentretien\/","title":{"rendered":"Conseils d\u2019entretien"},"content":{"rendered":"\t\t<div data-elementor-type=\"wp-page\" data-elementor-id=\"3678\" class=\"elementor elementor-3678 elementor-159\" data-elementor-post-type=\"page\">\n\t\t\t\t<div class=\"elementor-element elementor-element-196b19ec e-flex e-con-boxed e-con e-parent\" data-id=\"196b19ec\" data-element_type=\"container\" data-e-type=\"container\" data-settings=\"{&quot;background_background&quot;:&quot;classic&quot;,&quot;shape_divider_bottom&quot;:&quot;curve&quot;}\">\n\t\t\t\t\t<div class=\"e-con-inner\">\n\t\t\t\t<div class=\"elementor-shape elementor-shape-bottom\" aria-hidden=\"true\" data-negative=\"false\">\n\t\t\t<svg xmlns=\"http:\/\/www.w3.org\/2000\/svg\" viewBox=\"0 0 1000 100\" preserveAspectRatio=\"none\">\n    <path class=\"elementor-shape-fill\" d=\"M1000,4.3V0H0v4.3C0.9,23.1,126.7,99.2,500,100S1000,22.7,1000,4.3z\"\/>\n<\/svg>\t\t<\/div>\n\t\t<div class=\"elementor-element elementor-element-6a425e44 e-con-full e-flex e-con e-child\" data-id=\"6a425e44\" data-element_type=\"container\" data-e-type=\"container\">\n\t\t\t\t<div class=\"elementor-element elementor-element-7ff75e30 elementor-widget elementor-widget-heading\" data-id=\"7ff75e30\" data-element_type=\"widget\" data-e-type=\"widget\" data-widget_type=\"heading.default\">\n\t\t\t\t<div class=\"elementor-widget-container\">\n\t\t\t\t\t<h1 class=\"elementor-heading-title elementor-size-default\">Nettoyage &amp; entretien des duvets<\/h1>\t\t\t\t<\/div>\n\t\t\t\t<\/div>\n\t\t\t\t<div class=\"elementor-element elementor-element-ad55358 elementor-widget elementor-widget-text-editor\" data-id=\"ad55358\" data-element_type=\"widget\" data-e-type=\"widget\" data-widget_type=\"text-editor.default\">\n\t\t\t\t<div class=\"elementor-widget-container\">\n\t\t\t\t\t\t\t\t\t<p>De quels <strong>soins<\/strong> les duvets et oreillers remplis <strong>de flocons de duvet et de plumes<\/strong> ont-ils besoin ? Apr\u00e8s combien de temps faut-il les <strong>remplacer<\/strong> ?<\/p>\n\t\t\t\t\t\t\t\t<\/div>\n\t\t\t\t<\/div>\n\t\t\t\t<\/div>\n\t\t\t\t\t<\/div>\n\t\t\t\t<\/div>\n\t\t<div class=\"elementor-element elementor-element-249e277 e-flex e-con-boxed e-con e-parent\" data-id=\"249e277\" data-element_type=\"container\" data-e-type=\"container\">\n\t\t\t\t\t<div class=\"e-con-inner\">\n\t\t<div class=\"elementor-element elementor-element-5030020 e-con-full e-flex e-con e-child\" data-id=\"5030020\" data-element_type=\"container\" data-e-type=\"container\">\n\t\t\t\t<div class=\"elementor-element elementor-element-9c30b9d elementor-widget elementor-widget-image\" data-id=\"9c30b9d\" data-element_type=\"widget\" data-e-type=\"widget\" data-widget_type=\"image.default\">\n\t\t\t\t<div class=\"elementor-widget-container\">\n\t\t\t\t\t\t\t\t\t\t\t\t\t\t\t<img fetchpriority=\"high\" decoding=\"async\" width=\"580\" height=\"330\" src=\"https:\/\/vsb-info.ch\/wp-content\/uploads\/2023\/02\/Bildschirmfoto-2022-09-08-um-14.27.34@2x.jpg\" class=\"attachment-large size-large wp-image-230\" alt=\"\" srcset=\"https:\/\/vsb-info.ch\/wp-content\/uploads\/2023\/02\/Bildschirmfoto-2022-09-08-um-14.27.34@2x.jpg 894w, https:\/\/vsb-info.ch\/wp-content\/uploads\/2023\/02\/Bildschirmfoto-2022-09-08-um-14.27.34@2x-300x170.jpg 300w, https:\/\/vsb-info.ch\/wp-content\/uploads\/2023\/02\/Bildschirmfoto-2022-09-08-um-14.27.34@2x-768x436.jpg 768w\" sizes=\"(max-width: 580px) 100vw, 580px\" \/>\t\t\t\t\t\t\t\t\t\t\t\t\t\t\t<\/div>\n\t\t\t\t<\/div>\n\t\t\t\t<\/div>\n\t\t<div class=\"elementor-element elementor-element-70c8b37 e-con-full e-flex e-con e-child\" data-id=\"70c8b37\" data-element_type=\"container\" data-e-type=\"container\">\n\t\t\t\t<div class=\"elementor-element elementor-element-6187d1ed elementor-widget elementor-widget-text-editor\" data-id=\"6187d1ed\" data-element_type=\"widget\" data-e-type=\"widget\" data-widget_type=\"text-editor.default\">\n\t\t\t\t<div class=\"elementor-widget-container\">\n\t\t\t\t\t\t\t\t\t<p>Plus vous prendrez soin de vos <strong>oreillers<\/strong> et <strong>duvets<\/strong>, mieux ils satisferont aux exigences de confort et garantiront <strong>l\u2019hygi\u00e8ne<\/strong>.<\/p>\n<p>La literie a besoin de beaucoup <strong>d\u2019air frais<\/strong> le matin pour pouvoir \u00e9vacuer <strong>l\u2019humidit\u00e9 absorb\u00e9e<\/strong> pendant le sommeil. Ouvrez la fen\u00eatre de la chambre \u00e0 coucher et agitez l\u00e9g\u00e8rement la literie. Il est possible que le garnissage de certains duvets (<strong>\u00e0 cassettes<\/strong>) \u00ab se prom\u00e8ne \u00bb ; dans ce cas, il devrait \u00eatre r\u00e9parti \u00e0 la main de temps \u00e0 autre. Ne soumettez pas la literie au rayonnement solaire, ni \u00e0 la tapette \u00e0 tapis, ni \u00e0 l\u2019aspirateur.<\/p>\n\t\t\t\t\t\t\t\t<\/div>\n\t\t\t\t<\/div>\n\t\t\t\t<div class=\"elementor-element elementor-element-2a4dfbc4 elementor-widget elementor-widget-heading\" data-id=\"2a4dfbc4\" data-element_type=\"widget\" data-e-type=\"widget\" data-widget_type=\"heading.default\">\n\t\t\t\t<div class=\"elementor-widget-container\">\n\t\t\t\t\t<h2 class=\"elementor-heading-title elementor-size-default\">Laver oreillers &amp; duvets<\/h2>\t\t\t\t<\/div>\n\t\t\t\t<\/div>\n\t\t\t\t<div class=\"elementor-element elementor-element-2f8ab12 elementor-widget elementor-widget-text-editor\" data-id=\"2f8ab12\" data-element_type=\"widget\" data-e-type=\"widget\" data-widget_type=\"text-editor.default\">\n\t\t\t\t<div class=\"elementor-widget-container\">\n\t\t\t\t\t\t\t\t\t<p>Les oreillers et duvets lavables peuvent \u00eatre lav\u00e9s \u00e0 des temp\u00e9ratures allant jusqu\u2019\u00e0 60\u00b0C en vous r\u00e9f\u00e9rant aux <strong>\u00e9tiquettes d\u2019entretien<\/strong>. Vous ne devez jamais laver vous-m\u00eame les duvets et oreillers pour lesquels il <strong>n\u2019est pas express\u00e9ment pr\u00e9cis\u00e9 qu\u2019ils peuvent \u00eatre lav\u00e9s<\/strong>. Les duvets non lavables devront en revanche \u00eatre nettoy\u00e9s par des <strong>professionnels au bout de 3 \u00e0 5 ans<\/strong>.<\/p>\n<p>La housse devra \u00eatre vid\u00e9e, son contenu lav\u00e9 par un professionnel, soumis \u00e0 un s\u00e9chage aseptique, d\u00e9sinfect\u00e9, compl\u00e9t\u00e9 par du neuf et viendra ensuite remplir une nouvelle enveloppe. Apr\u00e8s nettoyage, vous r\u00e9cup\u00e8rerez un <strong>duvet pratiquement comme neuf<\/strong>.<\/p>\n<p>D\u00e9posez votre duvet dans un <a href=\"https:\/\/vsb-info.ch\/fr\/recherche-de-commercants\/\" rel=\"noopener\"><strong>magasin sp\u00e9cialis\u00e9<\/strong><\/a> ou envoyez-le \u00e0 un <a href=\"https:\/\/vsb-info.ch\/fr\/membres\/\" rel=\"noopener\"><strong>membre de la VSB<\/strong><\/a>. Vous recevrez gratuitement un devis. Il n\u2019est pas rentable de faire <strong>nettoyer les oreillers<\/strong>, un nouvel achat revenant moins cher. En outre, les oreillers \u00e9tant davantage sollicit\u00e9s, ils doivent \u00eatre <strong>remplac\u00e9s au bout de 3 ans<\/strong>.<\/p>\n\t\t\t\t\t\t\t\t<\/div>\n\t\t\t\t<\/div>\n\t\t\t\t<div class=\"elementor-element elementor-element-c09622f elementor-widget elementor-widget-heading\" data-id=\"c09622f\" data-element_type=\"widget\" data-e-type=\"widget\" id=\"instructions-de-lavage\" data-widget_type=\"heading.default\">\n\t\t\t\t<div class=\"elementor-widget-container\">\n\t\t\t\t\t<h2 class=\"elementor-heading-title elementor-size-default\">Instructions de lavage pour duvets en flocons de duvet et oreillers en plumes<\/h2>\t\t\t\t<\/div>\n\t\t\t\t<\/div>\n\t\t\t\t<div class=\"elementor-element elementor-element-4c635b4 elementor-widget elementor-widget-text-editor\" data-id=\"4c635b4\" data-element_type=\"widget\" data-e-type=\"widget\" data-widget_type=\"text-editor.default\">\n\t\t\t\t<div class=\"elementor-widget-container\">\n\t\t\t\t\t\t\t\t\t<p>Sauf mention contraire, les <strong>duvets et oreillers lavables<\/strong> sur l\u2019\u00e9tiquette d\u2019entretien desquels figure un symbole de lavage peuvent \u00eatre lav\u00e9s \u00e0 des <strong>temp\u00e9ratures pouvant aller jusqu\u2019\u00e0 60\u00b0C<\/strong>. Il faut en outre utiliser une <strong>lessive liquide \u00e0 pH neutre<\/strong> pour linge d\u00e9licat. Des lessives sp\u00e9cifiques sont disponibles dans le commerce sp\u00e9cialis\u00e9.<\/p>\n<ul>\n<li>Lavez duvets et oreillers <strong>s\u00e9par\u00e9ment<\/strong>.<\/li>\n<li>Utilisez un programme de lavage <strong>avec essorage<\/strong>.<\/li>\n<li>Duvets et plumes absorbant <strong>plusieurs fois<\/strong> leur poids en eau, le <strong>cycle essorage<\/strong> devra \u00eatre r\u00e9p\u00e9t\u00e9.<\/li>\n<li><strong>Faites s\u00e9cher<\/strong> oreillers et duvets s\u00e9par\u00e9ment dans un tumbler \u00e0 100\u00b0C.<\/li>\n<li><strong>Secouez-les<\/strong> toutes les 30 minutes environ pour r\u00e9duire significativement le temps de s\u00e9chage qui peut durer de 60 \u00e0 120 minutes selon la taille du tumbler.<\/li>\n<\/ul>\n\t\t\t\t\t\t\t\t<\/div>\n\t\t\t\t<\/div>\n\t\t<div class=\"elementor-element elementor-element-c4a3e7c e-flex e-con-boxed e-con e-child\" data-id=\"c4a3e7c\" data-element_type=\"container\" data-e-type=\"container\" data-settings=\"{&quot;background_background&quot;:&quot;classic&quot;}\">\n\t\t\t\t\t<div class=\"e-con-inner\">\n\t\t\t\t<div class=\"elementor-element elementor-element-0da8ced elementor-absolute elementor-widget elementor-widget-image\" data-id=\"0da8ced\" data-element_type=\"widget\" data-e-type=\"widget\" data-settings=\"{&quot;_position&quot;:&quot;absolute&quot;}\" data-widget_type=\"image.default\">\n\t\t\t\t<div class=\"elementor-widget-container\">\n\t\t\t\t\t\t\t\t\t\t\t\t\t\t\t<img decoding=\"async\" width=\"96\" height=\"96\" src=\"https:\/\/vsb-info.ch\/wp-content\/uploads\/2023\/03\/info_icon.svg\" class=\"attachment-full size-full wp-image-690\" alt=\"\" \/>\t\t\t\t\t\t\t\t\t\t\t\t\t\t\t<\/div>\n\t\t\t\t<\/div>\n\t\t\t\t<div class=\"elementor-element elementor-element-a22f667 elementor-widget elementor-widget-heading\" data-id=\"a22f667\" data-element_type=\"widget\" data-e-type=\"widget\" data-widget_type=\"heading.default\">\n\t\t\t\t<div class=\"elementor-widget-container\">\n\t\t\t\t\t<h2 class=\"elementor-heading-title elementor-size-default\">Important :<\/h2>\t\t\t\t<\/div>\n\t\t\t\t<\/div>\n\t\t\t\t<div class=\"elementor-element elementor-element-125a360 elementor-widget elementor-widget-text-editor\" data-id=\"125a360\" data-element_type=\"widget\" data-e-type=\"widget\" data-widget_type=\"text-editor.default\">\n\t\t\t\t<div class=\"elementor-widget-container\">\n\t\t\t\t\t\t\t\t\t<div class=\"detailSections\">\n<div class=\"withPadding\">\n<div class=\"sidebarSection contentSection\">\n<ul>\n<li><strong>Ne jamais utiliser d\u2019assouplissant<\/strong><\/li>\n<li>Toujours respecter les <strong>instructions de lavage figurant<\/strong> sur l\u2018\u00e9tiquette<\/li>\n<\/ul><\/div>\n<\/p><\/div>\n<\/p><\/div>\n\t\t\t\t\t\t\t\t<\/div>\n\t\t\t\t<\/div>\n\t\t\t\t\t<\/div>\n\t\t\t\t<\/div>\n\t\t\t\t<\/div>\n\t\t\t\t\t<\/div>\n\t\t\t\t<\/div>\n\t\t<div class=\"elementor-element elementor-element-5ac5f9a e-con-full e-flex e-con e-parent\" data-id=\"5ac5f9a\" data-element_type=\"container\" data-e-type=\"container\">\n\t\t\t\t<div class=\"elementor-element elementor-element-e83904d elementor-widget elementor-widget-kp_themenblock\" data-id=\"e83904d\" data-element_type=\"widget\" data-e-type=\"widget\" data-widget_type=\"kp_themenblock.default\">\n\t\t\t\t<div class=\"elementor-widget-container\">\n\t\t\t\t\t\n        <div class=\"vsb-related\">\n\n            \n                <div id=\"vsb-rel-w-0\" class=\"vsb-related-wrap vsb-even\"><div id=\"vsb-rel-color-0\" class=\"vsb-related-one-blue\"><\/div><div id=\"vsb-rel-0\" class=\"vsb-related-one\"><div class=\"vsb-related-content-wrap\"><div class=\"vsb-related-content\"><h3>Remplacer duvets &amp; oreillers<\/h3><div class=\"vsb-related-text\"><p>Selon leur \u00e9tat, les <strong>duvets<\/strong> se remplacent tous les 10 ans environ. <strong>Les oreillers<\/strong> devront \u00eatre chang\u00e9s au bout de 3 ans au plus tard car les plumes perdent vite leur fermet\u00e9. Duvets en flocons de duvet ou oreillers en plumes usag\u00e9s pourront \u00eatre rapport\u00e9s aux fabricants ou \u00e0 des organismes d\u2019entraide et <a href=\"https:\/\/vsb-info.ch\/fr\/developpement-durable-recyclage\/\" rel=\"noopener\">recycl\u00e9s de fa\u00e7on \u00e9cologique<\/a>.<\/p><p>Quand vous <strong>les achetez neufs, veillez \u00e0 ce que les duvets et oreillers<\/strong> portent le <a href=\"https:\/\/vsb-info.ch\/fr\/swiss-guaranty-vsb\/\" rel=\"noopener\">label de qualit\u00e9 \u00ab SWISS QUALITY DOWN \u00bb<\/a> qui vous garantit la <strong>meilleure qualit\u00e9 suisse<\/strong>. Vous avez d\u2019autres questions sur l\u2019entretien et le nettoyage des articles de literie ? N\u2019h\u00e9sitez pas \u00e0 <a href=\"https:\/\/vsb-info.ch\/fr\/contact\/\" rel=\"noopener\">nous contacter<\/a> ou demandez conseil \u00e0 un <strong><a href=\"https:\/\/vsb-info.ch\/fr\/recherche-de-commercants\/\" rel=\"noopener\">commer\u00e7ant VSB pr\u00e8s de chez vous<\/a><\/strong>!<\/p><\/div><a class=\"vsb-related-link\" href=\"https:\/\/vsb-info.ch\/fr\/recherche-de-commercants\/\" target=\"_self\" rel=\"\">Rechercher des commer\u00e7ants<\/a><\/div><\/div><div class=\"vsb-related-slider-wrap\"><div id=\"vsb-slider-0\" class=\"vsb-related-slider\"><div class=\"vsb-related-slide\" style=\"background-image: url('https:\/\/vsb-info.ch\/wp-content\/uploads\/2023\/03\/hero_img_yellow_mobile.jpg');\"><\/div><\/div><\/div>                        <script>\n                            jQuery( document ).ready(function() {\n                                jQuery('#vsb-slider-0').slick({\n                                    slidesToShow: 1,\n                                    slidesToScroll: 1,\n                                    dots: false,\n                                    arrows: true,\n                                    responsive: [\n                                        {\n                                        breakpoint: 991,\n                                        settings: {\n                                            dots: true,\n                                            arrows: false,\n                                            }\n                                        }\n                                    ]\n                                });\n                            });\n                        <\/script>\n                        <\/div><\/div>                <script>\n                    jQuery( document ).ready(function() {\n                        \n                        calcRelatedHeight(0);\n\n                        jQuery(window).resize(function(){\n                            calcRelatedHeight(0);\n                        })\n\n                    });\n                <\/script>\n                \n            \n        <\/div>\n\n        \t\t\t\t<\/div>\n\t\t\t\t<\/div>\n\t\t\t\t<\/div>\n\t\t\t\t<\/div>\n\t\t","protected":false},"excerpt":{"rendered":"<p>Nettoyage &amp; entretien des duvets De quels soins les duvets et oreillers remplis de flocons de duvet et de plumes ont-ils besoin ? Apr\u00e8s combien de temps faut-il les remplacer ? Plus vous prendrez soin de vos oreillers et duvets, mieux ils satisferont aux exigences de confort et garantiront l\u2019hygi\u00e8ne. La literie a besoin de&#8230;<\/p>\n","protected":false},"author":1,"featured_media":0,"parent":0,"menu_order":0,"comment_status":"closed","ping_status":"closed","template":"","meta":{"_acf_changed":false,"footnotes":""},"class_list":["post-3678","page","type-page","status-publish","hentry"],"acf":[],"_links":{"self":[{"href":"https:\/\/vsb-info.ch\/fr\/wp-json\/wp\/v2\/pages\/3678","targetHints":{"allow":["GET"]}}],"collection":[{"href":"https:\/\/vsb-info.ch\/fr\/wp-json\/wp\/v2\/pages"}],"about":[{"href":"https:\/\/vsb-info.ch\/fr\/wp-json\/wp\/v2\/types\/page"}],"author":[{"embeddable":true,"href":"https:\/\/vsb-info.ch\/fr\/wp-json\/wp\/v2\/users\/1"}],"replies":[{"embeddable":true,"href":"https:\/\/vsb-info.ch\/fr\/wp-json\/wp\/v2\/comments?post=3678"}],"version-history":[{"count":15,"href":"https:\/\/vsb-info.ch\/fr\/wp-json\/wp\/v2\/pages\/3678\/revisions"}],"predecessor-version":[{"id":5637,"href":"https:\/\/vsb-info.ch\/fr\/wp-json\/wp\/v2\/pages\/3678\/revisions\/5637"}],"wp:attachment":[{"href":"https:\/\/vsb-info.ch\/fr\/wp-json\/wp\/v2\/media?parent=3678"}],"curies":[{"name":"wp","href":"https:\/\/api.w.org\/{rel}","templated":true}]}}