{"id":3676,"date":"2023-03-05T17:15:08","date_gmt":"2023-03-05T16:15:08","guid":{"rendered":"https:\/\/vsb-info.kommpass-staging.ch\/conseils-en-cas-dallergies\/"},"modified":"2026-03-12T16:38:02","modified_gmt":"2026-03-12T15:38:02","slug":"conseils-en-cas-dallergies","status":"publish","type":"page","link":"https:\/\/vsb-info.ch\/fr\/conseils-en-cas-dallergies\/","title":{"rendered":"Conseils en cas d\u2019allergies"},"content":{"rendered":"\t\t<div data-elementor-type=\"wp-page\" data-elementor-id=\"3676\" class=\"elementor elementor-3676 elementor-428\" data-elementor-post-type=\"page\">\n\t\t\t\t<div class=\"elementor-element elementor-element-13d0cb40 e-flex e-con-boxed e-con e-parent\" data-id=\"13d0cb40\" data-element_type=\"container\" data-e-type=\"container\" data-settings=\"{&quot;background_background&quot;:&quot;classic&quot;,&quot;shape_divider_bottom&quot;:&quot;curve&quot;}\">\n\t\t\t\t\t<div class=\"e-con-inner\">\n\t\t\t\t<div class=\"elementor-shape elementor-shape-bottom\" aria-hidden=\"true\" data-negative=\"false\">\n\t\t\t<svg xmlns=\"http:\/\/www.w3.org\/2000\/svg\" viewBox=\"0 0 1000 100\" preserveAspectRatio=\"none\">\n    <path class=\"elementor-shape-fill\" d=\"M1000,4.3V0H0v4.3C0.9,23.1,126.7,99.2,500,100S1000,22.7,1000,4.3z\"\/>\n<\/svg>\t\t<\/div>\n\t\t<div class=\"elementor-element elementor-element-77e11165 e-con-full e-flex e-con e-child\" data-id=\"77e11165\" data-element_type=\"container\" data-e-type=\"container\">\n\t\t\t\t<div class=\"elementor-element elementor-element-51aec078 elementor-widget elementor-widget-heading\" data-id=\"51aec078\" data-element_type=\"widget\" data-e-type=\"widget\" data-widget_type=\"heading.default\">\n\t\t\t\t<div class=\"elementor-widget-container\">\n\t\t\t\t\t<h1 class=\"elementor-heading-title elementor-size-default\">Duvets pour personnes allergiques<\/h1>\t\t\t\t<\/div>\n\t\t\t\t<\/div>\n\t\t\t\t<div class=\"elementor-element elementor-element-46368507 elementor-widget elementor-widget-text-editor\" data-id=\"46368507\" data-element_type=\"widget\" data-e-type=\"widget\" data-widget_type=\"text-editor.default\">\n\t\t\t\t<div class=\"elementor-widget-container\">\n\t\t\t\t\t\t\t\t\t<p>Vous n\u2019avez pas \u00e0 renoncer aux <strong>oreillers en plumes<\/strong> et aux <strong>duvets de flocons<\/strong> de duvet naturels si vous faites des <strong>r\u00e9actions allergiques aux acariens<\/strong> ! Gr\u00e2ce aux <strong>articles de literie<\/strong> estampill\u00e9s du label <strong>\u00ab SWISS QUALITY DOWN \u00bb<\/strong>, vous b\u00e9n\u00e9ficiez de literies de qualit\u00e9, d\u2019un sommeil sain et profond et d\u2019une <strong>protection anti-acariens<\/strong> optimale.<\/p>\t\t\t\t\t\t\t\t<\/div>\n\t\t\t\t<\/div>\n\t\t\t\t<\/div>\n\t\t\t\t\t<\/div>\n\t\t\t\t<\/div>\n\t\t<div class=\"elementor-element elementor-element-fbef980 e-flex e-con-boxed e-con e-parent\" data-id=\"fbef980\" data-element_type=\"container\" data-e-type=\"container\">\n\t\t\t\t\t<div class=\"e-con-inner\">\n\t\t<div class=\"elementor-element elementor-element-b9810c9 e-con-full e-flex e-con e-child\" data-id=\"b9810c9\" data-element_type=\"container\" data-e-type=\"container\">\n\t\t\t\t<div class=\"elementor-element elementor-element-6cda65a elementor-widget elementor-widget-image\" data-id=\"6cda65a\" data-element_type=\"widget\" data-e-type=\"widget\" data-widget_type=\"image.default\">\n\t\t\t\t<div class=\"elementor-widget-container\">\n\t\t\t\t\t\t\t\t\t\t\t\t\t\t\t<img fetchpriority=\"high\" decoding=\"async\" width=\"580\" height=\"580\" src=\"https:\/\/vsb-info.ch\/wp-content\/uploads\/2023\/08\/Receycling-1-1024x1024.jpg\" class=\"attachment-large size-large wp-image-1871\" alt=\"\" srcset=\"https:\/\/vsb-info.ch\/wp-content\/uploads\/2023\/08\/Receycling-1-1024x1024.jpg 1024w, https:\/\/vsb-info.ch\/wp-content\/uploads\/2023\/08\/Receycling-1-300x300.jpg 300w, https:\/\/vsb-info.ch\/wp-content\/uploads\/2023\/08\/Receycling-1-150x150.jpg 150w, https:\/\/vsb-info.ch\/wp-content\/uploads\/2023\/08\/Receycling-1-768x768.jpg 768w, https:\/\/vsb-info.ch\/wp-content\/uploads\/2023\/08\/Receycling-1-1536x1536.jpg 1536w, https:\/\/vsb-info.ch\/wp-content\/uploads\/2023\/08\/Receycling-1-2048x2048.jpg 2048w, https:\/\/vsb-info.ch\/wp-content\/uploads\/2023\/08\/Receycling-1-1200x1200.jpg 1200w, https:\/\/vsb-info.ch\/wp-content\/uploads\/2023\/08\/Receycling-1-1980x1980.jpg 1980w\" sizes=\"(max-width: 580px) 100vw, 580px\" \/>\t\t\t\t\t\t\t\t\t\t\t\t\t\t\t<\/div>\n\t\t\t\t<\/div>\n\t\t\t\t<\/div>\n\t\t<div class=\"elementor-element elementor-element-9e4967b e-con-full e-flex e-con e-child\" data-id=\"9e4967b\" data-element_type=\"container\" data-e-type=\"container\">\n\t\t\t\t<div class=\"elementor-element elementor-element-2c34b2d elementor-widget elementor-widget-text-editor\" data-id=\"2c34b2d\" data-element_type=\"widget\" data-e-type=\"widget\" data-widget_type=\"text-editor.default\">\n\t\t\t\t<div class=\"elementor-widget-container\">\n\t\t\t\t\t\t\t\t\t<p>Une \u00e9tude men\u00e9e par la Neue Universit\u00e4t de Kiel montre que les <strong>duvets et les oreillers en duvet et en plumes<\/strong> prot\u00e8gent des acariens. Elle r\u00e9fute ainsi une opinion r\u00e9pandue \u00e0 tort depuis longtemps, \u00e0 savoir que ces <strong>articles de literie ne conviennent pas aux allergiques<\/strong>.<\/p>\n\t\t\t\t\t\t\t\t<\/div>\n\t\t\t\t<\/div>\n\t\t\t\t<div class=\"elementor-element elementor-element-1166760 elementor-widget elementor-widget-heading\" data-id=\"1166760\" data-element_type=\"widget\" data-e-type=\"widget\" data-widget_type=\"heading.default\">\n\t\t\t\t<div class=\"elementor-widget-container\">\n\t\t\t\t\t<h2 class=\"elementor-heading-title elementor-size-default\">Rechercher des commer\u00e7ants<\/h2>\t\t\t\t<\/div>\n\t\t\t\t<\/div>\n\t\t\t\t<div class=\"elementor-element elementor-element-b442911 elementor-widget elementor-widget-text-editor\" data-id=\"b442911\" data-element_type=\"widget\" data-e-type=\"widget\" data-widget_type=\"text-editor.default\">\n\t\t\t\t<div class=\"elementor-widget-container\">\n\t\t\t\t\t\t\t\t\t<p>Comme le montre cette \u00e9tude, c\u2019est en fait tout le contraire : on a pu constater que les enfants qui dorment sous un duvet rempli de flocons de duvet d\u00e9veloppent moins <strong>d\u2019allergies aux acariens<\/strong> et que les enfants d\u00e9j\u00e0 allergiques pr\u00e9sentent moins de probl\u00e8mes respiratoires s\u00e9rieux. Aujourd\u2019hui, sur la base de ces r\u00e9sultats, les <strong>literies en plumes et duvets<\/strong> sont recommand\u00e9es en cas d\u2019allergies aux acariens.<\/p><p>Pour les allergiques aux acariens, il est recommand\u00e9 de choisir des articles de <strong>literie lavables<\/strong> et de les laver r\u00e9guli\u00e8rement. Les duvets qui se distinguent par le\u00a0 <a href=\"https:\/\/vsb-info.ch\/fr\/swiss-guaranty-vsb\/\" rel=\"noopener\">label de qualit\u00e9 <strong>\u00ab SWISS QUALITY DOWN\u00bb<\/strong><\/a> sont faits \u00e0 partir de tissus qui constituent une barri\u00e8re infranchissable pour les acariens. Gr\u00e2ce au s\u00e9chage \u00e0 plus de 100\u00b0C, le garnissage est exempt <strong>d\u2019acariens, de germes et de bact\u00e9ries<\/strong>.<\/p>\t\t\t\t\t\t\t\t<\/div>\n\t\t\t\t<\/div>\n\t\t\t\t<div class=\"elementor-element elementor-element-7b91a64 download_pdf elementor-widget elementor-widget-button\" data-id=\"7b91a64\" data-element_type=\"widget\" data-e-type=\"widget\" data-widget_type=\"button.default\">\n\t\t\t\t<div class=\"elementor-widget-container\">\n\t\t\t\t\t\t\t\t\t<div class=\"elementor-button-wrapper\">\n\t\t\t\t\t<a class=\"elementor-button elementor-button-link elementor-size-md\" href=\"https:\/\/vsb-info.ch\/wp-content\/uploads\/2023\/11\/200928-fachinfo-5-k5_-_fr_web.pdf\" target=\"_blank\">\n\t\t\t\t\t\t<span class=\"elementor-button-content-wrapper\">\n\t\t\t\t\t\t<span class=\"elementor-button-icon\">\n\t\t\t\t<svg xmlns=\"http:\/\/www.w3.org\/2000\/svg\" width=\"96\" height=\"96\" viewBox=\"0 0 96 96\"><circle data-name=\"Ellipse 27\" cx=\"48\" cy=\"48\" r=\"48\" style=\"fill:#0091D2\"><\/circle><path data-name=\"Path 237\" d=\"M257.346 393.558h24.82L269.571 381.2l2.785-2.254 16.456 16.529-16.679 16.559-1.976-2.31 12.238-12.06-.251-.474h-24.8z\" transform=\"rotate(90 344.191 98.841)\" style=\"fill:#fff\"><\/path><text transform=\"translate(14 44)\" style=\"font-size:30px;font-family:Lato-Bold,Lato;font-weight:700;fill:#fff\"><tspan x=\"4.818\" y=\"30\">PDF<\/tspan><\/text><\/svg>\t\t\t<\/span>\n\t\t\t\t\t\t\t\t\t<span class=\"elementor-button-text\">T\u00e9l\u00e9charger les infos \u00abUn sommeil reposant \u00e9galement pour les personnes allergiques\u00bb<\/span>\n\t\t\t\t\t<\/span>\n\t\t\t\t\t<\/a>\n\t\t\t\t<\/div>\n\t\t\t\t\t\t\t\t<\/div>\n\t\t\t\t<\/div>\n\t\t\t\t<div class=\"elementor-element elementor-element-58d5b10 elementor-widget elementor-widget-text-editor\" data-id=\"58d5b10\" data-element_type=\"widget\" data-e-type=\"widget\" data-widget_type=\"text-editor.default\">\n\t\t\t\t<div class=\"elementor-widget-container\">\n\t\t\t\t\t\t\t\t\t<p>Vous avez d\u2019autres <strong>questions concernant les articles de literie pour les allergiques<\/strong> ? N\u2019h\u00e9sitez pas <a href=\"https:\/\/vsb-info.ch\/fr\/contact\/\" rel=\"noopener\">\u00e0 nous contacter<\/a> ou \u00e0 vous renseigner sur les oreillers et duvets lab\u00e9lis\u00e9s <a href=\"https:\/\/vsb-info.ch\/fr\/swiss-guaranty-vsb\/\" rel=\"noopener\">\u00ab SWISS QUALITY DOWN \u00bb<\/a> aupr\u00e8s d\u2019un <strong><a href=\"https:\/\/vsb-info.ch\/fr\/recherche-de-commercants\/\" rel=\"noopener\">magasin sp\u00e9cialis\u00e9<\/a><\/strong> proche de chez vous !<\/p>\t\t\t\t\t\t\t\t<\/div>\n\t\t\t\t<\/div>\n\t\t\t\t<div class=\"elementor-element elementor-element-2b8bbb8 elementor-align-left elementor-widget elementor-widget-button\" data-id=\"2b8bbb8\" data-element_type=\"widget\" data-e-type=\"widget\" data-widget_type=\"button.default\">\n\t\t\t\t<div class=\"elementor-widget-container\">\n\t\t\t\t\t\t\t\t\t<div class=\"elementor-button-wrapper\">\n\t\t\t\t\t<a class=\"elementor-button elementor-button-link elementor-size-md\" href=\"https:\/\/vsb-info.ch\/fr\/recherche-de-commercants\/\">\n\t\t\t\t\t\t<span class=\"elementor-button-content-wrapper\">\n\t\t\t\t\t\t\t\t\t<span class=\"elementor-button-text\">Rechercher un magasin sp\u00e9cialis\u00e9<\/span>\n\t\t\t\t\t<\/span>\n\t\t\t\t\t<\/a>\n\t\t\t\t<\/div>\n\t\t\t\t\t\t\t\t<\/div>\n\t\t\t\t<\/div>\n\t\t\t\t<\/div>\n\t\t\t\t\t<\/div>\n\t\t\t\t<\/div>\n\t\t\t\t<\/div>\n\t\t","protected":false},"excerpt":{"rendered":"<p>Duvets pour personnes allergiques Vous n\u2019avez pas \u00e0 renoncer aux oreillers en plumes et aux duvets de flocons de duvet naturels si vous faites des r\u00e9actions allergiques aux acariens ! Gr\u00e2ce aux articles de literie estampill\u00e9s du label \u00ab SWISS QUALITY DOWN \u00bb, vous b\u00e9n\u00e9ficiez de literies de qualit\u00e9, d\u2019un sommeil sain et profond et&#8230;<\/p>\n","protected":false},"author":1,"featured_media":0,"parent":0,"menu_order":0,"comment_status":"closed","ping_status":"closed","template":"","meta":{"_acf_changed":false,"footnotes":""},"class_list":["post-3676","page","type-page","status-publish","hentry"],"acf":[],"_links":{"self":[{"href":"https:\/\/vsb-info.ch\/fr\/wp-json\/wp\/v2\/pages\/3676","targetHints":{"allow":["GET"]}}],"collection":[{"href":"https:\/\/vsb-info.ch\/fr\/wp-json\/wp\/v2\/pages"}],"about":[{"href":"https:\/\/vsb-info.ch\/fr\/wp-json\/wp\/v2\/types\/page"}],"author":[{"embeddable":true,"href":"https:\/\/vsb-info.ch\/fr\/wp-json\/wp\/v2\/users\/1"}],"replies":[{"embeddable":true,"href":"https:\/\/vsb-info.ch\/fr\/wp-json\/wp\/v2\/comments?post=3676"}],"version-history":[{"count":21,"href":"https:\/\/vsb-info.ch\/fr\/wp-json\/wp\/v2\/pages\/3676\/revisions"}],"predecessor-version":[{"id":5631,"href":"https:\/\/vsb-info.ch\/fr\/wp-json\/wp\/v2\/pages\/3676\/revisions\/5631"}],"wp:attachment":[{"href":"https:\/\/vsb-info.ch\/fr\/wp-json\/wp\/v2\/media?parent=3676"}],"curies":[{"name":"wp","href":"https:\/\/api.w.org\/{rel}","templated":true}]}}